{"id":220343,"date":"2025-01-21T06:56:15","date_gmt":"2025-01-21T05:56:15","guid":{"rendered":"https:\/\/web.iem-emergencia.com\/?post_type=project&#038;p=220343"},"modified":"2026-02-04T12:53:21","modified_gmt":"2026-02-04T11:53:21","slug":"european-trauma-course-etc","status":"publish","type":"project","link":"https:\/\/web.iem-emergencia.com\/ca\/project\/european-trauma-course-etc\/","title":{"rendered":"European Trauma Course (ETC)"},"content":{"rendered":"<p>[et_pb_section fb_built=\u00bb1&#8243; admin_label=\u00bbStaff\u00bb _builder_version=\u00bb4.16&#8243; custom_padding=\u00bb3px||17px|||\u00bb da_disable_devices=\u00bboff|off|off\u00bb global_colors_info=\u00bb{}\u00bb da_is_popup=\u00bboff\u00bb da_exit_intent=\u00bboff\u00bb da_has_close=\u00bbon\u00bb da_alt_close=\u00bboff\u00bb da_dark_close=\u00bboff\u00bb da_not_modal=\u00bbon\u00bb da_is_singular=\u00bboff\u00bb da_with_loader=\u00bboff\u00bb da_has_shadow=\u00bbon\u00bb][et_pb_row column_structure=\u00bb2_3,1_3&#8243; _builder_version=\u00bb4.16&#8243; width=\u00bb100%\u00bb module_alignment=\u00bbcenter\u00bb global_colors_info=\u00bb{}\u00bb][et_pb_column type=\u00bb2_3&#8243; _builder_version=\u00bb4.16&#8243; global_colors_info=\u00bb{}\u00bb][et_pb_blurb title=\u00bbT\u00edtulo Oficial del ETC\u00bb use_icon=\u00bbon\u00bb font_icon=\u00bb&#xf0a3;||fa||900&#8243; icon_placement=\u00bbleft\u00bb image_icon_width=\u00bb51px\u00bb content_max_width=\u00bb100%\u00bb _builder_version=\u00bb4.27.4&#8243; _module_preset=\u00bbdefault\u00bb background_color=\u00bbrgba(224,11,0,0.08)\u00bb custom_padding=\u00bb20px|20px|20px|20px|true|true\u00bb global_colors_info=\u00bb{}\u00bb]Con el Soporte y codirecci\u00f3n de Reanima (Portugal)[\/et_pb_blurb][et_pb_image src=\u00bbhttps:\/\/web.iem-emergencia.com\/wp-content\/uploads\/2025\/01\/P5240907-1-e1737438805223.png\u00bb title_text=\u00bbP5240907&#8243; force_fullwidth=\u00bbon\u00bb _builder_version=\u00bb4.27.4&#8243; global_colors_info=\u00bb{}\u00bb][\/et_pb_image][et_pb_text _builder_version=\u00bb4.27.4&#8243; custom_margin=\u00bb||42px|||\u00bb global_colors_info=\u00bb{}\u00bb]El <strong>European Trauma Course (ETC)<\/strong>, fundado en 2008 por la European Resuscitation Council (ERC), ESAIC, ESTES y EuSEM, es un programa multidisciplinar para m\u00e9dicos y enfermeras implicados en la atenci\u00f3n inicial de pacientes con trauma grave. El IEM est\u00e1 acreditado como Course Organizer para impartir este curso, que busca estandarizar la pr\u00e1ctica en servicios de emergencias europeos.<\/p>\n<p>El programa combina tres semanas de estudio no presencial del manual con 2,5 d\u00edas (20 horas) de talleres pr\u00e1cticos (85% del tiempo). Se recomienda experiencia previa en Soporte Vital Avanzado (SVA), ATLS, PHTLS o ITLS. Con simulaciones realistas, la ETC fomenta habilidades t\u00e9cnicas y no t\u00e9cnicas, como el trabajo en equipo, para optimizar la atenci\u00f3n a pacientes politraum\u00e1ticos.[\/et_pb_text][et_pb_video src=\u00bbhttps:\/\/web.iem-emergencia.com\/videos\/ETC.mp4&#8243; image_src=\u00bbhttps:\/\/web.iem-emergencia.com\/wp-content\/uploads\/2025\/01\/P2035767.png\u00bb _builder_version=\u00bb4.27.4&#8243; _module_preset=\u00bbdefault\u00bb custom_margin=\u00bb||64px|||\u00bb box_shadow_style=\u00bbpreset3&#8243; global_colors_info=\u00bb{}\u00bb][\/et_pb_video][et_pb_text _builder_version=\u00bb4.16&#8243; text_font=\u00bbRaleway|600|||||||\u00bb text_text_color=\u00bb#b70000&#8243; text_font_size=\u00bb19px\u00bb custom_margin=\u00bb||10px|||\u00bb text_text_align=\u00bbleft\u00bb global_colors_info=\u00bb{}\u00bb]Programa[\/et_pb_text][et_pb_divider color=\u00bb#d6d6d6&#8243; divider_weight=\u00bb2px\u00bb _builder_version=\u00bb4.16&#8243; width=\u00bb75%\u00bb module_alignment=\u00bbleft\u00bb custom_margin=\u00bb-3px||0px|||\u00bb global_colors_info=\u00bb{}\u00bb][\/et_pb_divider][et_pb_text _builder_version=\u00bb4.27.4&#8243; _module_preset=\u00bbdefault\u00bb global_colors_info=\u00bb{}\u00bb]<span style=\"caret-color: #666666; color: #666666; font-family: 'Open Sans', Arial, sans-serif; font-size: 14px; font-style: normal; font-variant-caps: normal; font-weight: 500; letter-spacing: normal; orphans: auto; text-align: left; text-indent: 0px; text-transform: none; white-space: normal; widows: auto; word-spacing: 0px; -webkit-text-stroke-width: 0px; background-color: #ffffff; text-decoration: none; display: inline !important; float: none;\">Via a\u00e8ria, xoc, TCE, trauma tor\u00e0cic, trauma abdominal, trauma espinal, trauma en dones, trauma pedi\u00e0tric, trauma en extremitats, transport<\/span>.[\/et_pb_text][et_pb_text _builder_version=\u00bb4.17.4&#8243; text_font=\u00bbRaleway|600|||||||\u00bb text_text_color=\u00bb#b70000&#8243; text_font_size=\u00bb19px\u00bb custom_margin=\u00bb||10px|||\u00bb text_text_align=\u00bbleft\u00bb global_colors_info=\u00bb{}\u00bb]Galeria de im\u00e1gemes[\/et_pb_text][et_pb_divider color=\u00bb#d6d6d6&#8243; divider_weight=\u00bb2px\u00bb _builder_version=\u00bb4.16&#8243; width=\u00bb75%\u00bb module_alignment=\u00bbleft\u00bb custom_margin=\u00bb-3px||0px|||\u00bb global_colors_info=\u00bb{}\u00bb][\/et_pb_divider][et_pb_gallery gallery_ids=\u00bb220831,220832,220833,220834,220835,220836,220837,220838,220839,220840,220841,220842,220843&#8243; fullwidth=\u00bbon\u00bb _builder_version=\u00bb4.27.4&#8243; _module_preset=\u00bbdefault\u00bb global_colors_info=\u00bb{}\u00bb][\/et_pb_gallery][et_pb_gallery gallery_ids=\u00bb2890,2891,2892,2893,2894&#8243; show_title_and_caption=\u00bboff\u00bb _builder_version=\u00bb4.16&#8243; _module_preset=\u00bbdefault\u00bb global_colors_info=\u00bb{}\u00bb][\/et_pb_gallery][et_pb_gallery gallery_ids=\u00bb743,361,359,344,315,338,341,342&#8243; posts_number=\u00bb2&#8243; show_title_and_caption=\u00bboff\u00bb hover_icon=\u00bb&#x3d;||divi||400&#8243; _builder_version=\u00bb4.16&#8243; custom_margin=\u00bb||0px|||\u00bb global_colors_info=\u00bb{}\u00bb][\/et_pb_gallery][et_pb_text _builder_version=\u00bb4.17.4&#8243; text_font=\u00bbRaleway|600|||||||\u00bb text_text_color=\u00bb#b70000&#8243; text_font_size=\u00bb19px\u00bb custom_margin=\u00bb||10px|||\u00bb text_text_align=\u00bbleft\u00bb global_colors_info=\u00bb{}\u00bb]Proceso de matriculaci\u00f3n[\/et_pb_text][et_pb_divider color=\u00bb#d6d6d6&#8243; divider_weight=\u00bb2px\u00bb _builder_version=\u00bb4.16&#8243; width=\u00bb75%\u00bb module_alignment=\u00bbleft\u00bb custom_margin=\u00bb-3px||0px|||\u00bb global_colors_info=\u00bb{}\u00bb][\/et_pb_divider][et_pb_text _builder_version=\u00bb4.27.5&#8243; hover_enabled=\u00bb0&#8243; global_colors_info=\u00bb{}\u00bb sticky_enabled=\u00bb0&#8243;]<\/p>\n<p>Per transfer\u00e8ncia banc\u00e0ria, n\u00famero de compte: <strong>IBAN ES31 2100 1007 1002 0009 8009<\/strong><\/p>\n<p><strong>\u00cdntegre:<\/strong> 1.200\u20ac<\/p>\n<p>&nbsp;<\/p>\n<h3>Finan\u00e7ament<\/h3>\n<p>L&#039;IEM posa a la disposici\u00f3 de l&#039;alumnat inscrit programes de finan\u00e7ament del grau en condicions especials a trav\u00e9s de les entitats banc\u00e0ries CaixaBank, Banc Sabadell i BanKia.<\/p>\n<p>&nbsp;<\/p>\n<h4>DOCUMENTACI\u00d3 PER TRAMITAR LA PREINSCRIPCI\u00d3<\/h4>\n<p>\u2022 2 fotografies mida carnet<br \/>\u2022 1 fotoc\u00f2pia del DNI\/NIE<br \/>\u2022 1 fotoc\u00f2pia del t\u00edtol universitari de Medicina o Infermeria<br \/>\u2022 Comprovant bancari (si s&#039;ha fet el pagament mitjan\u00e7ant transfer\u00e8ncia)<\/p>\n<p>[\/et_pb_text][\/et_pb_column][et_pb_column type=\u00bb1_3&#8243; module_id=\u00bbfixar\u00bb _builder_version=\u00bb4.16&#8243; global_colors_info=\u00bb{}\u00bb][et_pb_text _builder_version=\u00bb4.27.4&#8243; text_font=\u00bbRaleway|600|||||||\u00bb text_text_color=\u00bb#b70000&#8243; text_font_size=\u00bb19px\u00bb custom_margin=\u00bb||10px|||\u00bb text_text_align=\u00bbleft\u00bb global_colors_info=\u00bb{}\u00bb]Detalles del curso[\/et_pb_text][et_pb_divider color=\u00bb#d6d6d6&#8243; divider_weight=\u00bb2px\u00bb _builder_version=\u00bb4.16&#8243; width=\u00bb75%\u00bb module_alignment=\u00bbleft\u00bb custom_margin=\u00bb-3px||13px|||\u00bb global_colors_info=\u00bb{}\u00bb][\/et_pb_divider][et_pb_blurb title=\u00bbPrecio\u00bb use_icon=\u00bbon\u00bb font_icon=\u00bb&#xe0f3;||divi||400&#8243; icon_placement=\u00bbleft\u00bb image_icon_width=\u00bb20px\u00bb _builder_version=\u00bb4.27.5&#8243; header_font_size=\u00bb15px\u00bb header_line_height=\u00bb0.1em\u00bb background_color=\u00bb#f4f4f4&#8243; custom_margin=\u00bb||6px||false|false\u00bb custom_padding=\u00bb18px|15px|7px|15px|false|true\u00bb hover_enabled=\u00bb0&#8243; icon_font_size=\u00bb20px\u00bb global_colors_info=\u00bb{}\u00bb sticky_enabled=\u00bb0&#8243;]<\/p>\n<p>1.200 \u20ac\/curso<\/p>\n<p>[\/et_pb_blurb][et_pb_blurb title=\u00bbPlazas ofertadas\u00bb use_icon=\u00bbon\u00bb font_icon=\u00bb&#xe08b;||divi||400&#8243; icon_placement=\u00bbleft\u00bb image_icon_width=\u00bb20px\u00bb _builder_version=\u00bb4.27.4&#8243; header_font_size=\u00bb15px\u00bb header_line_height=\u00bb0.1em\u00bb background_color=\u00bb#f4f4f4&#8243; custom_margin=\u00bb||6px||false|false\u00bb custom_padding=\u00bb18px|15px|7px|15px|false|true\u00bb icon_font_size=\u00bb20px\u00bb global_colors_info=\u00bb{}\u00bb]24[\/et_pb_blurb][et_pb_blurb title=\u00bbDuraci\u00f3n del curso\u00bb use_icon=\u00bbon\u00bb font_icon=\u00bb&#x7d;||divi||400&#8243; icon_placement=\u00bbleft\u00bb image_icon_width=\u00bb20px\u00bb _builder_version=\u00bb4.27.4&#8243; header_font_size=\u00bb15px\u00bb header_line_height=\u00bb0.1em\u00bb background_color=\u00bb#f4f4f4&#8243; custom_margin=\u00bb||6px||false|false\u00bb custom_padding=\u00bb18px|15px|7px|15px|false|true\u00bb icon_font_size=\u00bb20px\u00bb global_colors_info=\u00bb{}\u00bb]20 horas presenciales<br \/>\n3 semanas de estudio on-line[\/et_pb_blurb][et_pb_text _builder_version=\u00bb4.27.5&#8243; text_font=\u00bbRaleway|600|||||||\u00bb text_text_color=\u00bb#b70000&#8243; text_font_size=\u00bb19px\u00bb custom_margin=\u00bb31px||10px|||\u00bb hover_enabled=\u00bb0&#8243; text_text_align=\u00bbleft\u00bb global_colors_info=\u00bb{}\u00bb sticky_enabled=\u00bb0&#8243;]<\/p>\n<p>Properes edicions<\/p>\n<p>[\/et_pb_text][et_pb_divider color=\u00bb#d6d6d6&#8243; divider_weight=\u00bb2px\u00bb _builder_version=\u00bb4.16&#8243; width=\u00bb75%\u00bb module_alignment=\u00bbleft\u00bb custom_margin=\u00bb-3px||0px|||\u00bb global_colors_info=\u00bb{}\u00bb][\/et_pb_divider][et_pb_text _builder_version=\u00bb4.27.5&#8243; _module_preset=\u00bbdefault\u00bb hover_enabled=\u00bb0&#8243; sticky_enabled=\u00bb0&#8243; custom_margin=\u00bb-1px|||||\u00bb]<\/p>\n<p><span><div  class=\"tribe-compatibility-container\" >\n\t<div\n\t\t class=\"tribe-common tribe-events tribe-events-view tribe-events-view--widget-events-list tribe-events-widget\" \t\tdata-js=\"tribe-events-view\"\n\t\tdata-view-rest-url=\"https:\/\/web.iem-emergencia.com\/ca\/wp-json\/tribe\/views\/v2\/html\"\n\t\tdata-view-manage-url=\"1\"\n\t\t\t\t\t\t\tdata-view-breakpoint-pointer=\"b12706e8-cadc-49e0-bd2f-62561d3ab088\"\n\t\t\t>\n\t\t<div class=\"tribe-events-widget-events-list\">\n\n\t\t\t\n\t\t\t<script data-js=\"tribe-events-view-data\" type=\"application\/json\">\n\t{\"slug\":\"widget-events-list\",\"prev_url\":\"\",\"next_url\":\"\",\"view_class\":\"Tribe\\\\Events\\\\Views\\\\V2\\\\Views\\\\Widgets\\\\Widget_List_View\",\"view_slug\":\"widget-events-list\",\"view_label\":\"View\",\"view\":null,\"should_manage_url\":true,\"id\":null,\"alias-slugs\":null,\"title\":\"Esdeveniments de abril 26 \\u2013 juny 19 \\u2013 IEM \\u2013 Emergencia Training\",\"limit\":5,\"no_upcoming_events\":false,\"featured_events_only\":null,\"jsonld_enable\":false,\"tribe_is_list_widget\":true,\"admin_fields\":{\"title\":{\"label\":\"T\\u00edtol:\",\"type\":\"text\",\"parent_classes\":\"\",\"classes\":\"\",\"dependency\":\"\",\"id\":\"widget-tribe-widget-events-list--1-title\",\"name\":\"widget-tribe-widget-events-list[-1][title]\",\"options\":[],\"placeholder\":\"\",\"value\":null},\"limit\":{\"label\":\"Mostra:\",\"type\":\"number\",\"default\":5,\"min\":1,\"max\":10,\"step\":1,\"parent_classes\":\"\",\"classes\":\"\",\"dependency\":\"\",\"id\":\"widget-tribe-widget-events-list--1-limit\",\"name\":\"widget-tribe-widget-events-list[-1][limit]\",\"options\":[],\"placeholder\":\"\",\"value\":null},\"metadata_section\":{\"type\":\"fieldset\",\"classes\":\"tribe-common-form-control-checkbox-checkbox-group\",\"label\":\"Display:\",\"children\":{\"cost\":{\"type\":\"checkbox\",\"label\":\"Price\",\"parent_classes\":\"\",\"classes\":\"\",\"dependency\":\"\",\"id\":\"widget-tribe-widget-events-list--1-cost\",\"name\":\"widget-tribe-widget-events-list[-1][cost]\",\"options\":[],\"placeholder\":\"\",\"value\":null},\"venue\":{\"type\":\"checkbox\",\"label\":\"Venue\",\"parent_classes\":\"\",\"classes\":\"\",\"dependency\":\"\",\"id\":\"widget-tribe-widget-events-list--1-venue\",\"name\":\"widget-tribe-widget-events-list[-1][venue]\",\"options\":[],\"placeholder\":\"\",\"value\":null},\"street\":{\"type\":\"checkbox\",\"label\":\"Street\",\"parent_classes\":\"\",\"classes\":\"\",\"dependency\":\"\",\"id\":\"widget-tribe-widget-events-list--1-street\",\"name\":\"widget-tribe-widget-events-list[-1][street]\",\"options\":[],\"placeholder\":\"\",\"value\":null},\"city\":{\"type\":\"checkbox\",\"label\":\"City\",\"parent_classes\":\"\",\"classes\":\"\",\"dependency\":\"\",\"id\":\"widget-tribe-widget-events-list--1-city\",\"name\":\"widget-tribe-widget-events-list[-1][city]\",\"options\":[],\"placeholder\":\"\",\"value\":null},\"region\":{\"type\":\"checkbox\",\"label\":\"State (US) Or Province (Int)\",\"parent_classes\":\"\",\"classes\":\"\",\"dependency\":\"\",\"id\":\"widget-tribe-widget-events-list--1-region\",\"name\":\"widget-tribe-widget-events-list[-1][region]\",\"options\":[],\"placeholder\":\"\",\"value\":null},\"zip\":{\"type\":\"checkbox\",\"label\":\"Postal Code\",\"parent_classes\":\"\",\"classes\":\"\",\"dependency\":\"\",\"id\":\"widget-tribe-widget-events-list--1-zip\",\"name\":\"widget-tribe-widget-events-list[-1][zip]\",\"options\":[],\"placeholder\":\"\",\"value\":null},\"country\":{\"type\":\"checkbox\",\"label\":\"Country\",\"parent_classes\":\"\",\"classes\":\"\",\"dependency\":\"\",\"id\":\"widget-tribe-widget-events-list--1-country\",\"name\":\"widget-tribe-widget-events-list[-1][country]\",\"options\":[],\"placeholder\":\"\",\"value\":null},\"phone\":{\"type\":\"checkbox\",\"label\":\"Phone\",\"parent_classes\":\"\",\"classes\":\"\",\"dependency\":\"\",\"id\":\"widget-tribe-widget-events-list--1-phone\",\"name\":\"widget-tribe-widget-events-list[-1][phone]\",\"options\":[],\"placeholder\":\"\",\"value\":null},\"organizer\":{\"type\":\"checkbox\",\"label\":\"Organizer\",\"parent_classes\":\"\",\"classes\":\"\",\"dependency\":\"\",\"id\":\"widget-tribe-widget-events-list--1-organizer\",\"name\":\"widget-tribe-widget-events-list[-1][organizer]\",\"options\":[],\"placeholder\":\"\",\"value\":null},\"website\":{\"type\":\"checkbox\",\"label\":\"Website\",\"parent_classes\":\"\",\"classes\":\"\",\"dependency\":\"\",\"id\":\"widget-tribe-widget-events-list--1-website\",\"name\":\"widget-tribe-widget-events-list[-1][website]\",\"options\":[],\"placeholder\":\"\",\"value\":null}},\"parent_classes\":\"\",\"dependency\":\"\",\"id\":\"widget-tribe-widget-events-list--1-metadata_section\",\"name\":\"widget-tribe-widget-events-list[-1][metadata_section]\",\"options\":[],\"placeholder\":\"\",\"value\":null},\"taxonomy_section\":{\"type\":\"section\",\"classes\":[\"calendar-widget-filters-container\"],\"label\":\"Filters:\",\"children\":{\"filters\":{\"type\":\"taxonomy-filters\",\"parent_classes\":\"\",\"classes\":\"\",\"dependency\":\"\",\"id\":\"widget-tribe-widget-events-list--1-filters\",\"label\":\"\",\"name\":\"widget-tribe-widget-events-list[-1][filters]\",\"options\":[],\"placeholder\":\"\",\"value\":null,\"list_items\":[]},\"operand\":{\"type\":\"fieldset\",\"classes\":\"tribe-common-form-control-checkbox-radio-group\",\"label\":\"Operand:\",\"selected\":\"OR\",\"children\":[{\"type\":\"radio\",\"label\":\"Match any\",\"button_value\":\"OR\",\"parent_classes\":\"\",\"classes\":\"\",\"dependency\":\"\",\"id\":\"widget-tribe-widget-events-list--1-operand\",\"name\":\"widget-tribe-widget-events-list[-1][operand]\",\"options\":[],\"placeholder\":\"\",\"value\":null},{\"type\":\"radio\",\"label\":\"Match all\",\"button_value\":\"AND\",\"parent_classes\":\"\",\"classes\":\"\",\"dependency\":\"\",\"id\":\"widget-tribe-widget-events-list--1-operand\",\"name\":\"widget-tribe-widget-events-list[-1][operand]\",\"options\":[],\"placeholder\":\"\",\"value\":null}],\"parent_classes\":\"\",\"dependency\":\"\",\"id\":\"widget-tribe-widget-events-list--1-operand\",\"name\":\"widget-tribe-widget-events-list[-1][operand]\",\"options\":[],\"placeholder\":\"\",\"value\":null}},\"parent_classes\":\"\",\"dependency\":\"\",\"id\":\"widget-tribe-widget-events-list--1-taxonomy_section\",\"name\":\"widget-tribe-widget-events-list[-1][taxonomy_section]\",\"options\":[],\"placeholder\":\"\",\"value\":null},\"taxonomy\":{\"type\":\"taxonomy\",\"classes\":\"calendar-widget-add-filter\",\"label\":\"Add a filter:\",\"placeholder\":\"Select a Taxonomy Term\",\"parent_classes\":\"\",\"dependency\":\"\",\"id\":\"widget-tribe-widget-events-list--1-taxonomy\",\"name\":\"widget-tribe-widget-events-list[-1][taxonomy]\",\"options\":[],\"value\":null},\"no_upcoming_events\":{\"label\":\"Oculta aquest giny si no hi ha esdeveniments propers.\",\"type\":\"checkbox\",\"parent_classes\":\"\",\"classes\":\"\",\"dependency\":\"\",\"id\":\"widget-tribe-widget-events-list--1-no_upcoming_events\",\"name\":\"widget-tribe-widget-events-list[-1][no_upcoming_events]\",\"options\":[],\"placeholder\":\"\",\"value\":null},\"featured_events_only\":{\"label\":\"Mostra el giny si hi ha esdeveniments destacats\",\"type\":\"checkbox\",\"parent_classes\":\"\",\"classes\":\"\",\"dependency\":\"\",\"id\":\"widget-tribe-widget-events-list--1-featured_events_only\",\"name\":\"widget-tribe-widget-events-list[-1][featured_events_only]\",\"options\":[],\"placeholder\":\"\",\"value\":null},\"jsonld_enable\":{\"label\":\"Genera les dades JSON-LD\",\"type\":\"checkbox\",\"parent_classes\":\"\",\"classes\":\"\",\"dependency\":\"\",\"id\":\"widget-tribe-widget-events-list--1-jsonld_enable\",\"name\":\"widget-tribe-widget-events-list[-1][jsonld_enable]\",\"options\":[],\"placeholder\":\"\",\"value\":null}},\"venue\":false,\"country\":false,\"street\":false,\"city\":false,\"region\":false,\"zip\":false,\"phone\":false,\"cost\":false,\"organizer\":false,\"website\":false,\"operand\":\"OR\",\"filters\":{\"post_tag\":[86],\"tribe_events_cat\":[]},\"address\":false,\"events\":[10000196],\"url\":\"https:\\\/\\\/web.iem-emergencia.com\\\/ca\\\/?post_type=tribe_events&eventDisplay=widget-events-list&tag=86\",\"url_event_date\":false,\"bar\":{\"keyword\":\"\",\"date\":\"\"},\"today\":\"2026-04-26 00:00:00\",\"now\":\"2026-04-26 11:56:38\",\"home_url\":\"https:\\\/\\\/web.iem-emergencia.com\\\/ca\",\"rest_url\":\"https:\\\/\\\/web.iem-emergencia.com\\\/ca\\\/wp-json\\\/tribe\\\/views\\\/v2\\\/html\",\"rest_method\":\"GET\",\"rest_nonce\":\"\",\"today_url\":\"https:\\\/\\\/web.iem-emergencia.com\\\/ca\\\/?post_type=tribe_events&eventDisplay=widget-events-list&tag=86&rest_route=%2Fwp%2Fv2%2Fproject%2F220343\",\"today_title\":\"Cliqueu per seleccionar la data d'avui\",\"today_label\":\"Avui\",\"prev_label\":\"\",\"next_label\":\"\",\"date_formats\":{\"compact\":\"j\\\/n\\\/Y\",\"month_and_year_compact\":\"n\\\/Y\",\"month_and_year\":\"F Y\",\"time_range_separator\":\" a \",\"date_time_separator\":\" - \"},\"messages\":[],\"start_of_week\":\"1\",\"header_title\":\"\",\"header_title_element\":\"h1\",\"content_title\":\"\",\"breadcrumbs\":[],\"backlink\":false,\"before_events\":\"\",\"after_events\":\"\\n<!--\\nThis calendar is powered by The Events Calendar.\\nhttp:\\\/\\\/evnt.is\\\/18wn\\n-->\\n\",\"display_events_bar\":false,\"disable_event_search\":false,\"live_refresh\":true,\"ical\":{\"display_link\":true,\"link\":{\"url\":\"https:\\\/\\\/web.iem-emergencia.com\\\/ca\\\/?post_type=tribe_events&#038;eventDisplay=widget-events-list&#038;tag=86&#038;ical=1\",\"text\":\"Exporta Esdeveniments\",\"title\":\"Utilitzeu-ho per compartir informaci\\u00f3 del calendari a trav\\u00e9s de Google Calendar, Apple iCal i altres aplicacions compatibles.\"}},\"container_classes\":[\"tribe-common\",\"tribe-events\",\"tribe-events-view\",\"tribe-events-view--widget-events-list\",\"tribe-events-widget\"],\"container_data\":[],\"is_past\":false,\"breakpoints\":{\"xsmall\":500,\"medium\":768,\"full\":960},\"breakpoint_pointer\":\"b12706e8-cadc-49e0-bd2f-62561d3ab088\",\"is_initial_load\":false,\"public_views\":{\"list\":{\"view_class\":\"Tribe\\\\Events\\\\Views\\\\V2\\\\Views\\\\List_View\",\"view_url\":\"https:\\\/\\\/web.iem-emergencia.com\\\/ca\\\/events\\\/etiqueta\\\/([^\\\/]+)\\\/(\\\/?:list|lista)\\\/\",\"view_label\":\"Llista\",\"aria_label\":\"Display Esdeveniments in Llista View\"},\"month\":{\"view_class\":\"Tribe\\\\Events\\\\Views\\\\V2\\\\Views\\\\Month_View\",\"view_url\":\"https:\\\/\\\/web.iem-emergencia.com\\\/ca\\\/events\\\/etiqueta\\\/([^\\\/]+)\\\/mes\\\/\",\"view_label\":\"Mes\",\"aria_label\":\"Display Esdeveniments in Mes View\"},\"week\":{\"view_class\":\"Tribe\\\\Events\\\\Pro\\\\Views\\\\V2\\\\Views\\\\Week_View\",\"view_url\":\"https:\\\/\\\/web.iem-emergencia.com\\\/ca\\\/events\\\/etiqueta\\\/([^\\\/]+)\\\/(\\\/?:week|semana)\\\/\",\"view_label\":\"Week\",\"aria_label\":\"Display Esdeveniments in Week View\"}},\"show_latest_past\":false,\"past\":false,\"compatibility_classes\":[\"tribe-compatibility-container\"],\"view_more_text\":\"Visualitza el calendari\",\"view_more_title\":\"Visualitza m\\u00e9s esdeveniments.\",\"view_more_link\":\"https:\\\/\\\/web.iem-emergencia.com\\\/ca\\\/events\\\/\",\"widget_title\":\"\",\"hide_if_no_upcoming_events\":false,\"display\":{\"cost\":false,\"venue\":false,\"street\":false,\"city\":false,\"region\":false,\"zip\":false,\"country\":false,\"phone\":false,\"organizer\":false,\"website\":false},\"subscribe_links\":{\"gcal\":{\"label\":\"Google Calendar\",\"single_label\":\"Afegeix a Google Calendar\",\"visible\":true,\"block_slug\":\"hasGoogleCalendar\"},\"ical\":{\"label\":\"iCalendar\",\"single_label\":\"Afegeix a iCalendar\",\"visible\":true,\"block_slug\":\"hasiCal\"},\"outlook-365\":{\"label\":\"Outlook 365\",\"single_label\":\"Outlook 365\",\"visible\":true,\"block_slug\":\"hasOutlook365\"},\"outlook-live\":{\"label\":\"Outlook Live\",\"single_label\":\"Outlook Live\",\"visible\":true,\"block_slug\":\"hasOutlookLive\"},\"ics\":{\"label\":\"Exporta el fitxer .ics\",\"single_label\":\"Exporta el fitxer .ics\",\"visible\":true,\"block_slug\":null},\"outlook-ics\":{\"label\":\"Exporta el fitxer .ics d'Outlook\",\"single_label\":\"Exporta el fitxer .ics d'Outlook\",\"visible\":true,\"block_slug\":null}},\"display_recurring_toggle\":false,\"_context\":{\"slug\":\"widget-events-list\"}}<\/script>\n\n\t\t\t\n\t\t\t\n\t\t\t\t<div class=\"tribe-events-widget-events-list__events\">\n\t\t\t\t\t\t\t\t\t\t\t<div  class=\"tribe-common-g-row tribe-events-widget-events-list__event-row\" >\n\n\t<div class=\"tribe-events-widget-events-list__event-date-tag tribe-common-g-col\">\n\t<time class=\"tribe-events-widget-events-list__event-date-tag-datetime\" datetime=\"2026-06-19\">\n\t\t<span class=\"tribe-events-widget-events-list__event-date-tag-month\">\n\t\t\tjuny\t\t<\/span>\n\t\t<span class=\"tribe-events-widget-events-list__event-date-tag-daynum tribe-common-h2 tribe-common-h4--min-medium\">\n\t\t\t19\t\t<\/span>\n\t<\/time>\n<\/div>\n\n\t<div class=\"tribe-events-widget-events-list__event-wrapper tribe-common-g-col\">\n\t\t<article  class=\"tribe-events-widget-events-list__event post-10000196 tribe_events type-tribe_events status-publish hentry tag-etc tribe_events_cat-presencial tribe_events_cat-urgencias-traumaticas\" >\n\t\t\t<div class=\"tribe-events-widget-events-list__event-details\">\n\n\t\t\t\t<header class=\"tribe-events-widget-events-list__event-header\">\n\t\t\t\t\t<div class=\"tribe-events-widget-events-list__event-datetime-wrapper tribe-common-b2 tribe-common-b3--min-medium\">\n\t\t<time class=\"tribe-events-widget-events-list__event-datetime\" datetime=\"2026-06-19\">\n\t\t<span class=\"tribe-event-date-start\">juny 19<\/span> a <span class=\"tribe-event-date-end\">juny 21<\/span>\t<\/time>\n\t<\/div>\n\t\t\t\t\t<h3 class=\"tribe-events-widget-events-list__event-title tribe-common-h7\">\n\t<a\n\t\thref=\"https:\/\/web.iem-emergencia.com\/ca\/event\/curso-etc\/\"\n\t\ttitle=\"Curso ETC\"\n\t\trel=\"bookmark\"\n\t\tclass=\"tribe-events-widget-events-list__event-title-link tribe-common-anchor-thin\"\n\t>\n\t\tCurso ETC\t<\/a>\n<\/h3>\n\t\t\t\t<\/header>\n\n\t\t\t\t\n\t\t\t<\/div>\n\t\t<\/article>\n\t<\/div>\n\n<\/div>\n\t\t\t\t\t\t\t\t\t<\/div>\n\n\t\t\t\t<div class=\"tribe-events-widget-events-list__view-more tribe-common-b1 tribe-common-b2--min-medium\">\n\t<a\n\t\thref=\"https:\/\/web.iem-emergencia.com\/ca\/events\/\"\n\t\tclass=\"tribe-events-widget-events-list__view-more-link tribe-common-anchor-thin\"\n\t\ttitle=\"Visualitza m\u00e9s esdeveniments.\"\n\t>\n\t\tVisualitza el calendari\t<\/a>\n<\/div>\n\n\t\t\t\t\t<\/div>\n\t<\/div>\n<\/div>\n<script data-js='tribe-events-view-nonce-data' type='application\/json'>{\"tvn1\":\"927853b458\",\"tvn2\":\"\"}<\/script><\/span><\/p>\n<p>[\/et_pb_text][et_pb_button button_url=\u00bbhttps:\/\/web.iem-emergencia.com\/wp-content\/uploads\/2025\/01\/Triptico-del-ETC_Cast_V26_09-2024_Digital.pdf\u00bb button_text=\u00bbDescargar folleto PDF\u00bb button_alignment=\u00bbcenter\u00bb _builder_version=\u00bb4.27.4&#8243; custom_button=\u00bbon\u00bb button_text_color=\u00bb#119e13&#8243; button_bg_color=\u00bbrgba(201,216,184,0.42)\u00bb button_border_width=\u00bb0px\u00bb button_letter_spacing=\u00bb1px\u00bb button_icon=\u00bb&#x6c;||divi||400&#8243; button_icon_placement=\u00bbleft\u00bb button_on_hover=\u00bboff\u00bb global_colors_info=\u00bb{}\u00bb][\/et_pb_button][et_pb_button button_url=\u00bb#formulario\u00bb button_text=\u00bbPreinscripci\u00f3n\u00bb button_alignment=\u00bbcenter\u00bb _builder_version=\u00bb4.17.4&#8243; custom_button=\u00bbon\u00bb button_text_color=\u00bb#bf1616&#8243; button_bg_color=\u00bb#e0e0e0&#8243; button_border_width=\u00bb0px\u00bb button_letter_spacing=\u00bb1px\u00bb button_icon=\u00bb&#x6c;||divi||400&#8243; button_icon_placement=\u00bbleft\u00bb button_on_hover=\u00bboff\u00bb custom_margin=\u00bb||64px|||\u00bb global_colors_info=\u00bb{}\u00bb][\/et_pb_button][et_pb_text _builder_version=\u00bb4.27.4&#8243; text_font=\u00bbRaleway|600|||||||\u00bb text_text_color=\u00bb#b70000&#8243; text_font_size=\u00bb19px\u00bb custom_margin=\u00bb||10px|||\u00bb text_text_align=\u00bbleft\u00bb global_colors_info=\u00bb{}\u00bb]Requisitos de acceso[\/et_pb_text][et_pb_divider color=\u00bb#d6d6d6&#8243; divider_weight=\u00bb2px\u00bb _builder_version=\u00bb4.16&#8243; width=\u00bb75%\u00bb module_alignment=\u00bbleft\u00bb custom_margin=\u00bb-3px||-3px|||\u00bb global_colors_info=\u00bb{}\u00bb][\/et_pb_divider][et_pb_text _builder_version=\u00bb4.27.4&#8243; custom_margin=\u00bb||49px|||\u00bb global_colors_info=\u00bb{}\u00bb]<\/p>\n<ul>\n<li><span lang=\"CA\">Grau en Medicina<\/span><\/li>\n<li><span lang=\"CA\">Grau en Infermeria<\/span><\/li>\n<\/ul>\n<p><span lang=\"CA\">\u00c9s recomanable tenir experi\u00e8ncia en el pacient traum\u00e0tic greu i haver realitzat un curs Suport Vital Avan\u00e7at (SVA) de l&#039;ERC i\/o en atenci\u00f3 inicial al pacient politraum\u00e0tic, com el SVAT, l&#039;ATLS, el PHTLS, l&#039;ITLS, l&#039;AITP o el SVATP, per poder aprofitar i superar en millors condicions aquest curs.<\/span><\/p>\n<p>&nbsp;[\/et_pb_text][et_pb_text _builder_version=\u00bb4.27.4&#8243; text_font=\u00bbRaleway|600|||||||\u00bb text_text_color=\u00bb#b70000&#8243; text_font_size=\u00bb19px\u00bb custom_margin=\u00bb||10px|||\u00bb text_text_align=\u00bbleft\u00bb global_colors_info=\u00bb{}\u00bb]Organizan[\/et_pb_text][et_pb_divider color=\u00bb#d6d6d6&#8243; divider_weight=\u00bb2px\u00bb _builder_version=\u00bb4.16&#8243; width=\u00bb75%\u00bb module_alignment=\u00bbleft\u00bb custom_margin=\u00bb-3px||-3px|||\u00bb global_colors_info=\u00bb{}\u00bb][\/et_pb_divider][et_pb_image src=\u00bbhttps:\/\/web.iem-emergencia.com\/wp-content\/uploads\/2022\/06\/IEM_training.png\u00bb title_text=\u00bbIEM_training\u00bb align=\u00bbcenter\u00bb _builder_version=\u00bb4.27.4&#8243; _module_preset=\u00bbdefault\u00bb max_width=\u00bb60%\u00bb module_alignment=\u00bbcenter\u00bb global_colors_info=\u00bb{}\u00bb][\/et_pb_image][et_pb_image src=\u00bbhttps:\/\/web.iem-emergencia.com\/wp-content\/uploads\/2025\/01\/Reanima-VERMELL.png\u00bb title_text=\u00bbReanima-VERMELL\u00bb align=\u00bbcenter\u00bb _builder_version=\u00bb4.27.4&#8243; _module_preset=\u00bbdefault\u00bb max_width=\u00bb44%\u00bb global_colors_info=\u00bb{}\u00bb][\/et_pb_image][et_pb_text _builder_version=\u00bb4.17.4&#8243; text_font=\u00bbRaleway|600|||||||\u00bb text_text_color=\u00bb#b70000&#8243; text_font_size=\u00bb19px\u00bb custom_margin=\u00bb||10px|||\u00bb text_text_align=\u00bbleft\u00bb global_colors_info=\u00bb{}\u00bb]Acreditaci\u00f3n[\/et_pb_text][et_pb_divider color=\u00bb#d6d6d6&#8243; divider_weight=\u00bb2px\u00bb _builder_version=\u00bb4.16&#8243; width=\u00bb75%\u00bb module_alignment=\u00bbleft\u00bb custom_margin=\u00bb-3px||-3px|||\u00bb global_colors_info=\u00bb{}\u00bb][\/et_pb_divider][et_pb_image src=\u00bbhttps:\/\/web.iem-emergencia.com\/wp-content\/uploads\/2025\/01\/logo.png\u00bb title_text=\u00bblogo\u00bb align=\u00bbcenter\u00bb _builder_version=\u00bb4.27.4&#8243; _module_preset=\u00bbdefault\u00bb max_width=\u00bb80%\u00bb global_colors_info=\u00bb{}\u00bb][\/et_pb_image][et_pb_image src=\u00bbhttps:\/\/web.iem-emergencia.com\/wp-content\/uploads\/2025\/01\/ESA_logo_transparent.png\u00bb title_text=\u00bbESA_logo_transparent\u00bb align=\u00bbcenter\u00bb _builder_version=\u00bb4.27.4&#8243; _module_preset=\u00bbdefault\u00bb max_width=\u00bb80%\u00bb global_colors_info=\u00bb{}\u00bb][\/et_pb_image][et_pb_image src=\u00bbhttps:\/\/web.iem-emergencia.com\/wp-content\/uploads\/2025\/01\/unnamed-e1737439717363.jpg\u00bb title_text=\u00bbunnamed\u00bb align=\u00bbcenter\u00bb _builder_version=\u00bb4.27.4&#8243; _module_preset=\u00bbdefault\u00bb max_width=\u00bb80%\u00bb global_colors_info=\u00bb{}\u00bb][\/et_pb_image][et_pb_image src=\u00bbhttps:\/\/web.iem-emergencia.com\/wp-content\/uploads\/2025\/01\/index.jpg\u00bb title_text=\u00bbi\u0301ndex\u00bb align=\u00bbcenter\u00bb _builder_version=\u00bb4.27.4&#8243; _module_preset=\u00bbdefault\u00bb max_width=\u00bb70%\u00bb global_colors_info=\u00bb{}\u00bb][\/et_pb_image][et_pb_image src=\u00bbhttps:\/\/web.iem-emergencia.com\/wp-content\/uploads\/2025\/01\/etc.png\u00bb title_text=\u00bbetc\u00bb align=\u00bbcenter\u00bb _builder_version=\u00bb4.27.4&#8243; _module_preset=\u00bbdefault\u00bb max_width=\u00bb70%\u00bb global_colors_info=\u00bb{}\u00bb][\/et_pb_image][\/et_pb_column][\/et_pb_row][\/et_pb_section][et_pb_section fb_built=\u00bb1&#8243; module_id=\u00bbstop\u00bb _builder_version=\u00bb4.16&#8243; background_color=\u00bbrgba(242,242,242,0.24)\u00bb min_height=\u00bb216px\u00bb custom_padding=\u00bb29px|||||\u00bb da_disable_devices=\u00bboff|off|off\u00bb global_colors_info=\u00bb{}\u00bb da_is_popup=\u00bboff\u00bb da_exit_intent=\u00bboff\u00bb da_has_close=\u00bbon\u00bb da_alt_close=\u00bboff\u00bb da_dark_close=\u00bboff\u00bb da_not_modal=\u00bbon\u00bb da_is_singular=\u00bboff\u00bb da_with_loader=\u00bboff\u00bb da_has_shadow=\u00bbon\u00bb][et_pb_row module_id=\u00bbformulario\u00bb _builder_version=\u00bb4.16&#8243; global_colors_info=\u00bb{}\u00bb][et_pb_column type=\u00bb4_4&#8243; _builder_version=\u00bb4.16&#8243; global_colors_info=\u00bb{}\u00bb][et_pb_text _builder_version=\u00bb4.16&#8243; header_2_font=\u00bb|700|||||||\u00bb global_colors_info=\u00bb{}\u00bb]<\/p>\n<h2>Formulari de preinscripci\u00f3<\/h2>\n<p>Rellena el siguiente formulario con tus datos para hacer la preinscripci\u00f3n al curso.[\/et_pb_text][et_pb_contact_form email=\u00bbarea.academica@iem-emergencia.com\u00bb title=\u00bbPreinscripci\u00f3n ETC\u00bb custom_message=\u00bb\/\/\/\/\/\/\/\/\/\/  \/\/  \/    \/||et_pb_line_break_holder||NOVA PREINSCRIPCI\u00d3 AL GRAU DE COORDINACI\u00d3 EMERG\u00c8NCIES||et_pb_line_break_holder||\/\/\/\/\/\/\/\/\/  \/\/  \/    \/||et_pb_line_break_holder||||et_pb_line_break_holder||||et_pb_line_break_holder||&#8212;&#8211; DADES DE CONTACTE &#8212;&#8212;&#8212;&#8212;&#8212;&#8212;||et_pb_line_break_holder||Nom i Cognoms: %%Nombre%% %%Apellidos%%||et_pb_line_break_holder||E-mail: %%Email%%||et_pb_line_break_holder||Tel\u00e8fon: %%Telefono%%||et_pb_line_break_holder||Adre\u00e7a postal: %%Direccion%%||et_pb_line_break_holder||Poblaci\u00f3: %%Poblacion%%||et_pb_line_break_holder||Prov\u00edncia: %%Provincia%%||et_pb_line_break_holder||Codi Posal: %%CP%%||et_pb_line_break_holder||||et_pb_line_break_holder||DNI\/NIF\/Passaport: %%DNI%%||et_pb_line_break_holder||Data de naixement: %%Nacimiento%%||et_pb_line_break_holder||Num. seguretat social: %%Seguridadsocial%%||et_pb_line_break_holder||||et_pb_line_break_holder||||et_pb_line_break_holder||&#8212;&#8211; ESTUDIS &#8212;&#8212;&#8212;&#8212;&#8212;&#8212;||et_pb_line_break_holder||Nivell d&#8217;estudis: %%Nivelestudios%%||et_pb_line_break_holder||Nota mitjana: %%Notamedia%%||et_pb_line_break_holder||||et_pb_line_break_holder||||et_pb_line_break_holder||&#8212;&#8211; OBSERVACIONS ADICIONALS &#8212;&#8212;&#8212;||et_pb_line_break_holder||%%Observaciones%%||et_pb_line_break_holder||||et_pb_line_break_holder||&#8212;&#8211; MALALTIES &#8212;&#8212;&#8212;&#8212;&#8212;-||et_pb_line_break_holder||%%Enfermedades%%||et_pb_line_break_holder||||et_pb_line_break_holder||&#8212;&#8211; TUTOR LEGAL &#8212;&#8212;&#8212;&#8211;||et_pb_line_break_holder||Necessitat de tutor legal: %%Tutor%%||et_pb_line_break_holder||||et_pb_line_break_holder||Nom i Cognoms: %%Tutornombre%%||et_pb_line_break_holder||Data naixement: %%Tutornacimiento%%||et_pb_line_break_holder||DNI\/NIE\/Passaport: %%TutorDNI%%||et_pb_line_break_holder||Tel\u00e8fon: %%TutorTelefono%%||et_pb_line_break_holder||Adre\u00e7a: %%TutorDireccion%%||et_pb_line_break_holder||Localitat: %%TutorLocalidad%%||et_pb_line_break_holder||Prov\u00edncia: %%TutorProvincia%%||et_pb_line_break_holder||Codi postal: %%TutorCP%%||et_pb_line_break_holder||||et_pb_line_break_holder||Professi\u00f3: %%TutorProfesion%%||et_pb_line_break_holder||E-mail: %%TutorEmail%%||et_pb_line_break_holder||||et_pb_line_break_holder||||et_pb_line_break_holder||\/\/\/\/\/\/\/ \/\/ \/   \/||et_pb_line_break_holder||Preinscripci\u00f3 rebuda desde la web.||et_pb_line_break_holder||IEM Servidor\u00bb success_message=\u00bbPreinscripci\u00f3n realizada con \u00e9xito. En breve contactaremos contigo.\u00bb submit_button_text=\u00bbRealizar preinscripci\u00f3n\u00bb _builder_version=\u00bb4.27.4&#8243; _unique_id=\u00bbd9fdfbb0-06df-4122-8cc6-dd303abddf61&#8243; title_text_color=\u00bbrgba(0,0,0,0)\u00bb custom_button=\u00bbon\u00bb button_on_hover=\u00bboff\u00bb global_colors_info=\u00bb{}\u00bb][et_pb_contact_field field_id=\u00bbNombre\u00bb field_title=\u00bbNombre\u00bb _builder_version=\u00bb4.16&#8243; global_colors_info=\u00bb{}\u00bb button_text_size__hover_enabled=\u00bboff\u00bb button_one_text_size__hover_enabled=\u00bboff\u00bb button_two_text_size__hover_enabled=\u00bboff\u00bb button_text_color__hover_enabled=\u00bboff\u00bb button_one_text_color__hover_enabled=\u00bboff\u00bb button_two_text_color__hover_enabled=\u00bboff\u00bb button_border_width__hover_enabled=\u00bboff\u00bb button_one_border_width__hover_enabled=\u00bboff\u00bb button_two_border_width__hover_enabled=\u00bboff\u00bb button_border_color__hover_enabled=\u00bboff\u00bb button_one_border_color__hover_enabled=\u00bboff\u00bb button_two_border_color__hover_enabled=\u00bboff\u00bb button_border_radius__hover_enabled=\u00bboff\u00bb button_one_border_radius__hover_enabled=\u00bboff\u00bb button_two_border_radius__hover_enabled=\u00bboff\u00bb button_letter_spacing__hover_enabled=\u00bboff\u00bb button_one_letter_spacing__hover_enabled=\u00bboff\u00bb button_two_letter_spacing__hover_enabled=\u00bboff\u00bb button_bg_color__hover_enabled=\u00bboff\u00bb button_one_bg_color__hover_enabled=\u00bboff\u00bb button_two_bg_color__hover_enabled=\u00bboff\u00bb][\/et_pb_contact_field][et_pb_contact_field field_id=\u00bbApellidos\u00bb field_title=\u00bbApellidos\u00bb _builder_version=\u00bb4.16&#8243; global_colors_info=\u00bb{}\u00bb button_text_size__hover_enabled=\u00bboff\u00bb button_one_text_size__hover_enabled=\u00bboff\u00bb button_two_text_size__hover_enabled=\u00bboff\u00bb button_text_color__hover_enabled=\u00bboff\u00bb button_one_text_color__hover_enabled=\u00bboff\u00bb button_two_text_color__hover_enabled=\u00bboff\u00bb button_border_width__hover_enabled=\u00bboff\u00bb button_one_border_width__hover_enabled=\u00bboff\u00bb button_two_border_width__hover_enabled=\u00bboff\u00bb button_border_color__hover_enabled=\u00bboff\u00bb button_one_border_color__hover_enabled=\u00bboff\u00bb button_two_border_color__hover_enabled=\u00bboff\u00bb button_border_radius__hover_enabled=\u00bboff\u00bb button_one_border_radius__hover_enabled=\u00bboff\u00bb button_two_border_radius__hover_enabled=\u00bboff\u00bb button_letter_spacing__hover_enabled=\u00bboff\u00bb button_one_letter_spacing__hover_enabled=\u00bboff\u00bb button_two_letter_spacing__hover_enabled=\u00bboff\u00bb button_bg_color__hover_enabled=\u00bboff\u00bb button_one_bg_color__hover_enabled=\u00bboff\u00bb button_two_bg_color__hover_enabled=\u00bboff\u00bb][\/et_pb_contact_field][et_pb_contact_field field_id=\u00bbEmail\u00bb field_title=\u00bbDirecci\u00f3n de correo electr\u00f3nico\u00bb field_type=\u00bbemail\u00bb _builder_version=\u00bb4.16&#8243; global_colors_info=\u00bb{}\u00bb button_text_size__hover_enabled=\u00bboff\u00bb button_one_text_size__hover_enabled=\u00bboff\u00bb button_two_text_size__hover_enabled=\u00bboff\u00bb button_text_color__hover_enabled=\u00bboff\u00bb button_one_text_color__hover_enabled=\u00bboff\u00bb button_two_text_color__hover_enabled=\u00bboff\u00bb button_border_width__hover_enabled=\u00bboff\u00bb button_one_border_width__hover_enabled=\u00bboff\u00bb button_two_border_width__hover_enabled=\u00bboff\u00bb button_border_color__hover_enabled=\u00bboff\u00bb button_one_border_color__hover_enabled=\u00bboff\u00bb button_two_border_color__hover_enabled=\u00bboff\u00bb button_border_radius__hover_enabled=\u00bboff\u00bb button_one_border_radius__hover_enabled=\u00bboff\u00bb button_two_border_radius__hover_enabled=\u00bboff\u00bb button_letter_spacing__hover_enabled=\u00bboff\u00bb button_one_letter_spacing__hover_enabled=\u00bboff\u00bb button_two_letter_spacing__hover_enabled=\u00bboff\u00bb button_bg_color__hover_enabled=\u00bboff\u00bb button_one_bg_color__hover_enabled=\u00bboff\u00bb button_two_bg_color__hover_enabled=\u00bboff\u00bb][\/et_pb_contact_field][et_pb_contact_field field_id=\u00bbTelefono\u00bb field_title=\u00bbTel\u00e9fono\u00bb _builder_version=\u00bb4.16&#8243; global_colors_info=\u00bb{}\u00bb button_text_size__hover_enabled=\u00bboff\u00bb button_one_text_size__hover_enabled=\u00bboff\u00bb button_two_text_size__hover_enabled=\u00bboff\u00bb button_text_color__hover_enabled=\u00bboff\u00bb button_one_text_color__hover_enabled=\u00bboff\u00bb button_two_text_color__hover_enabled=\u00bboff\u00bb button_border_width__hover_enabled=\u00bboff\u00bb button_one_border_width__hover_enabled=\u00bboff\u00bb button_two_border_width__hover_enabled=\u00bboff\u00bb button_border_color__hover_enabled=\u00bboff\u00bb button_one_border_color__hover_enabled=\u00bboff\u00bb button_two_border_color__hover_enabled=\u00bboff\u00bb button_border_radius__hover_enabled=\u00bboff\u00bb button_one_border_radius__hover_enabled=\u00bboff\u00bb button_two_border_radius__hover_enabled=\u00bboff\u00bb button_letter_spacing__hover_enabled=\u00bboff\u00bb button_one_letter_spacing__hover_enabled=\u00bboff\u00bb button_two_letter_spacing__hover_enabled=\u00bboff\u00bb button_bg_color__hover_enabled=\u00bboff\u00bb button_one_bg_color__hover_enabled=\u00bboff\u00bb button_two_bg_color__hover_enabled=\u00bboff\u00bb][\/et_pb_contact_field][et_pb_contact_field field_id=\u00bbDireccion\u00bb field_title=\u00bbDirecci\u00f3n postal\u00bb _builder_version=\u00bb4.16&#8243; global_colors_info=\u00bb{}\u00bb][\/et_pb_contact_field][et_pb_contact_field field_id=\u00bbPoblacion\u00bb field_title=\u00bbPoblaci\u00f3n\u00bb required_mark=\u00bboff\u00bb _builder_version=\u00bb4.16&#8243; global_colors_info=\u00bb{}\u00bb][\/et_pb_contact_field][et_pb_contact_field field_id=\u00bbProvincia\u00bb field_title=\u00bbProv\u00edncia\u00bb required_mark=\u00bboff\u00bb _builder_version=\u00bb4.16&#8243; global_colors_info=\u00bb{}\u00bb][\/et_pb_contact_field][et_pb_contact_field field_id=\u00bbCP\u00bb field_title=\u00bbC\u00f3digo postal\u00bb _builder_version=\u00bb4.16&#8243; global_colors_info=\u00bb{}\u00bb][\/et_pb_contact_field][et_pb_contact_field field_id=\u00bbDNI\u00bb field_title=\u00bbDNI \/ NIF \/ Pasaporte\u00bb _builder_version=\u00bb4.16&#8243; global_colors_info=\u00bb{}\u00bb][\/et_pb_contact_field][et_pb_contact_field field_id=\u00bbNacimiento\u00bb field_title=\u00bbFecha de nacimiento\u00bb _builder_version=\u00bb4.16&#8243; global_colors_info=\u00bb{}\u00bb][\/et_pb_contact_field][et_pb_contact_field field_id=\u00bbSeguridadsocial\u00bb field_title=\u00bbN\u00famero de la seguridad social\u00bb required_mark=\u00bboff\u00bb fullwidth_field=\u00bbon\u00bb _builder_version=\u00bb4.16&#8243; global_colors_info=\u00bb{}\u00bb][\/et_pb_contact_field][et_pb_contact_field field_id=\u00bbNivelestudios\u00bb field_title=\u00bbNivel de estudios\u00bb required_mark=\u00bboff\u00bb _builder_version=\u00bb4.16&#8243; global_colors_info=\u00bb{}\u00bb][\/et_pb_contact_field][et_pb_contact_field field_id=\u00bbNotamedia\u00bb field_title=\u00bbNota media\u00bb max_length=\u00bb3&#8243; required_mark=\u00bboff\u00bb _builder_version=\u00bb4.16&#8243; global_colors_info=\u00bb{}\u00bb][\/et_pb_contact_field][et_pb_contact_field field_id=\u00bbObservaciones\u00bb field_title=\u00bbObservaciones adicionales\u00bb field_type=\u00bbtext\u00bb required_mark=\u00bboff\u00bb fullwidth_field=\u00bbon\u00bb _builder_version=\u00bb4.16&#8243; global_colors_info=\u00bb{}\u00bb][\/et_pb_contact_field][et_pb_contact_field field_id=\u00bbEnfermedades\u00bb field_title=\u00bb\u00bfSufre alguna enfermedad\/alergia\/intolerancia\/discapacidad que deba ser vonocida por parte del centro?\u00bb required_mark=\u00bboff\u00bb fullwidth_field=\u00bbon\u00bb _builder_version=\u00bb4.16&#8243; global_colors_info=\u00bb{}\u00bb][\/et_pb_contact_field][et_pb_contact_field field_id=\u00bbField_19&#8243; field_title=\u00bbPol\u00edtica de Protecci\u00f3n de Datos\u00bb field_type=\u00bbcheckbox\u00bb checkbox_options=\u00bb%91{%22value%22:%22He le\u00eddo y acepto la pol\u00edtica de protecci\u00f3n de datos.%22,%22checked%22:0,%22dragID%22:-1}%93&#8243; fullwidth_field=\u00bbon\u00bb _builder_version=\u00bb4.16&#8243; global_colors_info=\u00bb{}\u00bb][\/et_pb_contact_field][\/et_pb_contact_form][\/et_pb_column][\/et_pb_row][\/et_pb_section][et_pb_section fb_built=\u00bb1&#8243; _builder_version=\u00bb4.16&#8243; _module_preset=\u00bbdefault\u00bb da_disable_devices=\u00bboff|off|off\u00bb global_colors_info=\u00bb{}\u00bb da_is_popup=\u00bboff\u00bb da_exit_intent=\u00bboff\u00bb da_has_close=\u00bbon\u00bb da_alt_close=\u00bboff\u00bb da_dark_close=\u00bboff\u00bb da_not_modal=\u00bbon\u00bb da_is_singular=\u00bboff\u00bb da_with_loader=\u00bboff\u00bb da_has_shadow=\u00bbon\u00bb][\/et_pb_section]<\/p>","protected":false},"excerpt":{"rendered":"<p>Con el Soporte y codirecci\u00f3n de Reanima (Portugal)El European Trauma Course (ETC), fundado en 2008 por la European Resuscitation Council (ERC), ESAIC, ESTES y EuSEM, es un programa multidisciplinar para [&hellip;]<\/p>","protected":false},"author":1,"featured_media":220269,"comment_status":"open","ping_status":"closed","template":"","meta":{"_et_pb_use_builder":"on","_et_pb_old_content":"","_et_gb_content_width":"","footnotes":""},"project_category":[57],"project_tag":[],"class_list":["post-220343","project","type-project","status-publish","has-post-thumbnail","hentry","project_category-urgencias-medicas-y-quirurgicas"],"_links":{"self":[{"href":"https:\/\/web.iem-emergencia.com\/ca\/wp-json\/wp\/v2\/project\/220343","targetHints":{"allow":["GET"]}}],"collection":[{"href":"https:\/\/web.iem-emergencia.com\/ca\/wp-json\/wp\/v2\/project"}],"about":[{"href":"https:\/\/web.iem-emergencia.com\/ca\/wp-json\/wp\/v2\/types\/project"}],"author":[{"embeddable":true,"href":"https:\/\/web.iem-emergencia.com\/ca\/wp-json\/wp\/v2\/users\/1"}],"replies":[{"embeddable":true,"href":"https:\/\/web.iem-emergencia.com\/ca\/wp-json\/wp\/v2\/comments?post=220343"}],"version-history":[{"count":0,"href":"https:\/\/web.iem-emergencia.com\/ca\/wp-json\/wp\/v2\/project\/220343\/revisions"}],"wp:featuredmedia":[{"embeddable":true,"href":"https:\/\/web.iem-emergencia.com\/ca\/wp-json\/wp\/v2\/media\/220269"}],"wp:attachment":[{"href":"https:\/\/web.iem-emergencia.com\/ca\/wp-json\/wp\/v2\/media?parent=220343"}],"wp:term":[{"taxonomy":"project_category","embeddable":true,"href":"https:\/\/web.iem-emergencia.com\/ca\/wp-json\/wp\/v2\/project_category?post=220343"},{"taxonomy":"project_tag","embeddable":true,"href":"https:\/\/web.iem-emergencia.com\/ca\/wp-json\/wp\/v2\/project_tag?post=220343"}],"curies":[{"name":"wp","href":"https:\/\/api.w.org\/{rel}","templated":true}]}}