{"id":1443,"date":"2019-08-29T12:00:40","date_gmt":"2019-08-29T10:00:40","guid":{"rendered":"https:\/\/iem-emergencia.cat\/?post_type=project&#038;p=1443"},"modified":"2025-10-28T15:52:56","modified_gmt":"2025-10-28T14:52:56","slug":"master-en-asistencia-integral-en-urgencias-y-emergencias","status":"publish","type":"project","link":"https:\/\/web.iem-emergencia.com\/ca\/project\/master-en-asistencia-integral-en-urgencias-y-emergencias\/","title":{"rendered":"M\u00e0ster en Assist\u00e8ncia Integral a Urg\u00e8ncies i Emerg\u00e8ncies"},"content":{"rendered":"<p>[et_pb_section fb_built=\u00bb1&#8243; admin_label=\u00bbStaff\u00bb _builder_version=\u00bb4.16&#8243; custom_padding=\u00bb3px||7px|||\u00bb da_disable_devices=\u00bboff|off|off\u00bb global_colors_info=\u00bb{}\u00bb da_is_popup=\u00bboff\u00bb da_exit_intent=\u00bboff\u00bb da_has_close=\u00bbon\u00bb da_alt_close=\u00bboff\u00bb da_dark_close=\u00bboff\u00bb da_not_modal=\u00bbon\u00bb da_is_singular=\u00bboff\u00bb da_with_loader=\u00bboff\u00bb da_has_shadow=\u00bbon\u00bb][et_pb_row column_structure=\u00bb2_3,1_3&#8243; _builder_version=\u00bb4.16&#8243; width=\u00bb100%\u00bb module_alignment=\u00bbcenter\u00bb custom_padding=\u00bb||38px|||\u00bb global_colors_info=\u00bb{}\u00bb][et_pb_column type=\u00bb2_3&#8243; _builder_version=\u00bb4.16&#8243; global_colors_info=\u00bb{}\u00bb][et_pb_image src=\u00bbhttps:\/\/web.iem-emergencia.com\/wp-content\/uploads\/2025\/01\/IMG_7961-e1737374692383.png\u00bb title_text=\u00bbIMG_7961&#8243; force_fullwidth=\u00bbon\u00bb _builder_version=\u00bb4.27.4&#8243; height=\u00bb320px\u00bb global_colors_info=\u00bb{}\u00bb][\/et_pb_image][et_pb_text _builder_version=\u00bb4.27.4&#8243; custom_margin=\u00bb||42px|||\u00bb global_colors_info=\u00bb{}\u00bb]<\/p>\n<p>El <strong>M\u00e0ster en Assist\u00e8ncia Integral a Urg\u00e8ncies i Emerg\u00e8ncies<\/strong> (90 cr\u00e9ditos ECTS), con m\u00e1s de 26 a\u00f1os de experiencia, es uno de los programas m\u00e1s afianzados en Espa\u00f1a. Alineado con el Espacio Europeo de Educaci\u00f3n Superior y avalado por la SEMES y la SoCMUE, ha formado a cientos de profesionales de todo el mundo.<\/p>\n<p>Los graduados obtienen certificaciones internacionales como Apoyo Vital Avanzado (SVA), Apoyo Vital Avanzado en Pediatr\u00eda (SVAP), Apoyo Vital Avanzado en Trauma (SVAT), Diploma Internacional en Medicina de Monta\u00f1a y Certificado de Medicina Acu\u00e1tica y Subacu\u00e1tica (FEDAS, CMAS, Consejo Superior).<\/p>\n<p>Este master combina teor\u00eda y pr\u00e1cticas intensivas para preparar profesionales para situaciones cr\u00edticas con un enfoque integral.<\/p>\n<p>[\/et_pb_text][et_pb_text _builder_version=\u00bb4.16&#8243; text_font=\u00bbRaleway|600|||||||\u00bb text_text_color=\u00bb#b70000&#8243; text_font_size=\u00bb19px\u00bb custom_margin=\u00bb||10px|||\u00bb text_text_align=\u00bbleft\u00bb global_colors_info=\u00bb{}\u00bb]<\/p>\n<p>Programa<\/p>\n<p>[\/et_pb_text][et_pb_divider color=\u00bb#d6d6d6&#8243; divider_weight=\u00bb2px\u00bb _builder_version=\u00bb4.16&#8243; width=\u00bb75%\u00bb module_alignment=\u00bbleft\u00bb custom_margin=\u00bb-3px||0px|||\u00bb global_colors_info=\u00bb{}\u00bb][\/et_pb_divider][et_pb_toggle title=\u00bbUrgencias y emergencias m\u00e9dicas y quir\u00fargicas\u00bb _builder_version=\u00bb4.16&#8243; global_colors_info=\u00bb{}\u00bb]<\/p>\n<p>Assignatura 1. <a href=\"\/ca\/project\/actualizacion-en-urgencias-y-emergencias-medicas\/\">Actualitzaci\u00f3 a urg\u00e8ncies i emerg\u00e8ncies m\u00e8diques<\/a><br \/> Assignatura 2. <a href=\"\/ca\/project\/via-aerea-y-ventilacion-mecanica-en-urgencias-y-emergencias\/\">Via a\u00e8ria i ventilaci\u00f3 mec\u00e0nica a urg\u00e8ncies i emerg\u00e8ncies<\/a><br \/> Assignatura 3. <a href=\"https:\/\/iem-emergencia.cat\/curso\/soporte-vital-avanzado\/\"><\/a><a href=\"\/ca\/project\/soporte-vital-avanzado\/\">Suport Vital Avan\u00e7at (SVA)<\/a><\/p>\n<p><em>Per fer aquesta assignatura \u00e9s imprescindible tenir vigent com a m\u00ednim el t\u00edtol de Suport Vital B\u00e0sic i Desfibril\u00b7laci\u00f3 Externa Automatitzada (DEA) segons les Guies 2015 de l&#039;European Resuscitation Council i acreditat pel Consell Espanyol de RCP.<\/em><\/p>\n<p>Assignatura 4. <a href=\"\/ca\/project\/soporte-vital-avanzado-en-pediatria-svap\/\">Suport Vital Avan\u00e7at Pedi\u00e0tric (SVAP)<\/a><br \/> Assignatura 5. Altres urg\u00e8ncies i emerg\u00e8ncies pedi\u00e0triques<br \/> Assignatura 6. <a href=\"\/ca\/project\/toxicologia-en-urgencias-y-emergencias\/\">Toxicologia a urg\u00e8ncies i emerg\u00e8ncies<\/a><br \/> Assignatura 7. <a href=\"\/ca\/project\/farmacologia-en-urgencias-y-emergencias\/\">Farmacologia d&#039;urg\u00e8ncies i emerg\u00e8ncies<\/a><\/p>\n<p>[\/et_pb_toggle][et_pb_toggle title=\u00bbUrgencias y emergencias traum\u00e1ticas\u00bb _builder_version=\u00bb4.16&#8243; global_colors_info=\u00bb{}\u00bb]<\/p>\n<div class=\"descripcion-bloque\">\n<p>Assignatura 8. <a href=\"\/ca\/project\/tecnicas-quirurgicas-en-urgencias-y-emergencias\/\">T\u00e8cniques quir\u00fargiques a urg\u00e8ncies i emerg\u00e8ncies<\/a><\/p>\n<p>Assignatura 9. <a href=\"\/ca\/project\/radiologia-en-urgencias-y-emergencias\/\">Radiologia a urg\u00e8ncies i emerg\u00e8ncies<\/a><\/p>\n<p>Assignatura 10. <a href=\"\/ca\/project\/ecografia-en-urgencias-y-emergencias\/\">Ecografia a urg\u00e8ncies i emerg\u00e8ncies<\/a><\/p>\n<p>Assignatura 11. Actualitzaci\u00f3 a urg\u00e8ncies i emerg\u00e8ncies en trauma<\/p>\n<p>Tema 11.1. <a href=\"\/ca\/project\/actuacion-ante-el-paciente-traumatico\/\">Actuaci\u00f3 davant del pacient traum\u00e0tic lleu adult i pedi\u00e0tric<\/a><\/p>\n<p>Tema 11.2. <a href=\"\/ca\/project\/movilizacion-e-inmovilizacion-de-heridos\/\">Taller de mobilitzaci\u00f3 i immobilitzaci\u00f3 de ferits<\/a><\/p>\n<p>Tema 11.3. <a href=\"\/ca\/project\/heridas-por-arma-blanca-y-arma-de-fuego\/\">Ferides per arma blanca i arma de foc<\/a><\/p>\n<p>Tema 11.4. <a href=\"\/ca\/project\/rehabilitacion-del-paciente-traumatico\/\">Rehabilitaci\u00f3 del pacient a urg\u00e8ncies i emerg\u00e8ncies<\/a><\/p>\n<p>Tema 11.5. <a href=\"\/ca\/project\/traumatismo-craneoencefalico\/\">Traumatisme cranioencef\u00e0lic (TCE)<\/a><\/p>\n<p>Assignatura 12.<a href=\"\/ca\/project\/soporte-vital-avanzado-en-trauma-svat\/\"> Suport Vital Avan\u00e7at a Trauma (SVAT)<\/a><\/p>\n<\/div>\n<p>[\/et_pb_toggle][et_pb_toggle title=\u00bbSalvamento, urgencias y emergencias en situaciones especiales\u00bb _builder_version=\u00bb4.16&#8243; global_colors_info=\u00bb{}\u00bb]<\/p>\n<div class=\"descripcion-bloque\">\n<p>Assignatura 13. <a href=\"\/ca\/project\/medicina-acuatica-y-subacuatica\/\">Medicina aqu\u00e0tica i subaqu\u00e0tica<\/a><\/p>\n<p><em>La superaci\u00f3 d&#039;aquesta assignatura comporta la capacitaci\u00f3 per expedir certificats<\/em><br \/><em> metges als ex\u00e0mens d&#039;aptitud per al busseig esportiu (Ordre del 14 d&#039;octubre de 1997, BOE 22\/11\/97). Nom\u00e9s per a metges\/es.<\/em><\/p>\n<p><em>Part de l&#039;assignatura es far\u00e0 en entorn aqu\u00e0tic (Costa Brava).<\/em><\/p>\n<p><em>Curs sat\u00e8l\u00b7lit de busseig esportiu opcional.<\/em><\/p>\n<p><em><\/em><\/p>\n<div class=\"descripcion-bloque\">\n<p>Assignatura 14. <a href=\"\/ca\/project\/medicina-de-montana\/\">Medicina de muntanya<\/a><\/p>\n<p><em>El curs tindr\u00e0 lloc a l&#039;entorn d&#039;alta muntanya (Pirineus).5 El curs tindr\u00e0 lloc a l&#039;entorn d&#039;alta muntanya (Pirineus).<\/em><\/p>\n<p><em>En el context del present m\u00e0ster, aquest curs est\u00e0 acreditat per l&#039;International Mountaineering and Climbing Federation (UIAA), l&#039;International Commission for Alpine Rescue (IKAR) i la International Society for Mountain Medicine (ISMM).<\/em><\/p>\n<p>Assignatura 15. <a href=\"\/ca\/project\/atencion-a-pacientes-quemados-y-victimas-de-incendio\/\">Atenci\u00f3 a pacients cremats i v\u00edctimes dincendis<\/a><\/p>\n<p>Assignatura 16.<a href=\"\/ca\/project\/riesgo-quimico-bacteriologico-y-nuclear-rnbq\/\"> Risc qu\u00edmic, bacteriol\u00f2gic i nuclear<\/a><\/p>\n<p>Assignatura 17. <a href=\"\/ca\/project\/catastrofes-e-incidentes-de-multiples-victimas\/\">Cat\u00e0strofes i Incidents de M\u00faltiples V\u00edctimes (IMV)<\/a><\/p>\n<p>Assignatura 18. <a href=\"\/ca\/project\/medicina-aeronautica\/\">Medicina aeron\u00e0utica a urg\u00e8ncies i emerg\u00e8ncies<\/a><\/p>\n<p>Assignatura 19. <a href=\"\/ca\/project\/atencion-psicologica-en-urgencias-y-emergencias\/\">Assist\u00e8ncia psicol\u00f2gica a urg\u00e8ncies i emerg\u00e8ncies<\/a><\/p>\n<\/div>\n<\/div>\n<p>[\/et_pb_toggle][et_pb_toggle title=\u00bbMiscel\u00e1nea\u00bb _builder_version=\u00bb4.16&#8243; global_colors_info=\u00bb{}\u00bb]<\/p>\n<div class=\"descripcion-bloque\">\n<div class=\"descripcion-bloque\">\n<p><a href=\"https:\/\/iem-emergencia.cat\/curso\/asistencia-psicologica-en-urgencias-y-emergencias\/\"><\/a>Assignatura 20. <a href=\"\/ca\/project\/transporte-del-enfermo-critico-terrestre-maritimo-y-del-motor\/\">Transport del malalt cr\u00edtic: terrestre, mar\u00edtim i del motor<\/a><\/p>\n<div class=\"descripcion-bloque\">\n<p>Assignatura 21. <a href=\"\/ca\/project\/coordinacion-en-urgencias-y-emergencias\/\">Coordinaci\u00f3 d&#039;urg\u00e8ncies i emerg\u00e8ncies<\/a><\/p>\n<p>Assignatura 22. <a href=\"\/ca\/project\/aspectos-legales-en-urgencias-y-emergencias\/\">Aspectes legals a urg\u00e8ncies i emerg\u00e8ncies<\/a><\/p>\n<p>Assignatura 23. <a href=\"\/ca\/project\/gestion-en-los-servicios-de-urgencias-y-emergencias\/\">La gesti\u00f3 als serveis d&#039;urg\u00e8ncies i emerg\u00e8ncies<\/a><\/p>\n<p>Assignatura 24. <a href=\"\/ca\/project\/comunicacion-y-tic-en-urgencias-y-emergencias\/\">Comunicaci\u00f3 i TIC a urg\u00e8ncies i emerg\u00e8ncies<\/a><\/p>\n<\/div>\n<\/div>\n<\/div>\n<p>[\/et_pb_toggle][et_pb_toggle title=\u00bbPr\u00e1cticas cl\u00ednicas y trabajo de investigaci\u00f3n\u00bb _builder_version=\u00bb4.16&#8243; global_colors_info=\u00bb{}\u00bb]<\/p>\n<div class=\"descripcion-bloque\">\n<div class=\"descripcion-bloque\">\n<div class=\"descripcion-bloque\">\n<p>Assignatura 25. Pr\u00e0ctiques en serveis d&#039;urg\u00e8ncies i emerg\u00e8ncies<\/p>\n<p><em>En funci\u00f3 del servei d&#039;urg\u00e8ncies i emerg\u00e8ncies seleccionat per l&#039;alumne\/a, les pr\u00e0ctiques cl\u00edniques poden tenir un cost no incl\u00f2s a la matr\u00edcula segons el que determinen els convenis de col\u00b7laboraci\u00f3 respectius.<\/em><\/p>\n<p><em>Condicionades per la disponibilitat operativa dels diferents serveis.<\/em><\/p>\n<p>Assignatura 26. Metodologia de recerca<\/p>\n<\/div>\n<\/div>\n<\/div>\n<p>[\/et_pb_toggle][et_pb_text _builder_version=\u00bb4.27.4&#8243; text_font=\u00bbRaleway|600|||||||\u00bb text_text_color=\u00bb#b70000&#8243; text_font_size=\u00bb19px\u00bb custom_margin=\u00bb||10px|||\u00bb text_text_align=\u00bbleft\u00bb global_colors_info=\u00bb{}\u00bb]<\/p>\n<p>V\u00eddeo presentaci\u00f3<\/p>\n<p>[\/et_pb_text][et_pb_divider color=\u00bb#d6d6d6&#8243; divider_weight=\u00bb2px\u00bb _builder_version=\u00bb4.16&#8243; width=\u00bb75%\u00bb module_alignment=\u00bbleft\u00bb custom_margin=\u00bb-3px||0px|||\u00bb custom_padding=\u00bb||11px|||\u00bb global_colors_info=\u00bb{}\u00bb][\/et_pb_divider][et_pb_video src=\u00bbhttps:\/\/web.iem-emergencia.com\/wp-content\/uploads\/2025\/01\/Graduacio_Master_2022-2024.mp4&#8243; image_src=\u00bbhttps:\/\/web.iem-emergencia.com\/wp-content\/uploads\/2025\/01\/Master_2-1.png\u00bb _builder_version=\u00bb4.27.4&#8243; _module_preset=\u00bbdefault\u00bb custom_margin=\u00bb||45px|||\u00bb global_colors_info=\u00bb{}\u00bb][\/et_pb_video][et_pb_text _builder_version=\u00bb4.16&#8243; text_font=\u00bbRaleway|600|||||||\u00bb text_text_color=\u00bb#b70000&#8243; text_font_size=\u00bb19px\u00bb custom_margin=\u00bb||10px|||\u00bb text_text_align=\u00bbleft\u00bb global_colors_info=\u00bb{}\u00bb]<\/p>\n<p>Galeria d&#039;imatges<\/p>\n<p>[\/et_pb_text][et_pb_divider color=\u00bb#d6d6d6&#8243; divider_weight=\u00bb2px\u00bb _builder_version=\u00bb4.16&#8243; width=\u00bb75%\u00bb module_alignment=\u00bbleft\u00bb custom_margin=\u00bb-3px||0px|||\u00bb custom_padding=\u00bb||9px|||\u00bb global_colors_info=\u00bb{}\u00bb][\/et_pb_divider][et_pb_gallery gallery_ids=\u00bb220295,220296,220297,220298,220299,220300,220301,220302,220303,220304,220305,220306,220307,220308,220309,220310,220311,220312,220313&#8243; show_title_and_caption=\u00bboff\u00bb _builder_version=\u00bb4.27.4&#8243; _module_preset=\u00bbdefault\u00bb global_colors_info=\u00bb{}\u00bb][\/et_pb_gallery][et_pb_gallery gallery_ids=\u00bb743,361,359,344,315,338,341,342&#8243; posts_number=\u00bb2&#8243; show_title_and_caption=\u00bboff\u00bb hover_icon=\u00bb&#x3d;||divi||400&#8243; _builder_version=\u00bb4.16&#8243; custom_margin=\u00bb||0px|||\u00bb global_colors_info=\u00bb{}\u00bb][\/et_pb_gallery][et_pb_text _builder_version=\u00bb4.16&#8243; text_font=\u00bbRaleway|600|||||||\u00bb text_text_color=\u00bb#b70000&#8243; text_font_size=\u00bb19px\u00bb custom_margin=\u00bb||10px|||\u00bb text_text_align=\u00bbleft\u00bb global_colors_info=\u00bb{}\u00bb]<\/p>\n<p>Proc\u00e9s de matriculaci\u00f3 al m\u00e0ster<\/p>\n<p>[\/et_pb_text][et_pb_divider color=\u00bb#d6d6d6&#8243; divider_weight=\u00bb2px\u00bb _builder_version=\u00bb4.16&#8243; width=\u00bb75%\u00bb module_alignment=\u00bbleft\u00bb custom_margin=\u00bb-3px||0px|||\u00bb global_colors_info=\u00bb{}\u00bb][\/et_pb_divider][et_pb_text _builder_version=\u00bb4.27.4&#8243; global_colors_info=\u00bb{}\u00bb]<\/p>\n<p>Per poder tramitar la preinscripci\u00f3 hauran de presentar la documentaci\u00f3 seg\u00fcent:<\/p>\n<ul>\n<li>Comprovant bancari de l&#039;abonament de la preinscripci\u00f3 o de la totalitat del preu del m\u00e0ster<\/li>\n<li>Curr\u00edculum amb fotografia actual<\/li>\n<li>Fotoc\u00f2pia compulsada del t\u00edtol universitari o resguard del t\u00edtol de medicina o infermeria<\/li>\n<li>Fotoc\u00f2pia compulsada del DNI o passaport<\/li>\n<li>Dues fotografies actuals de carnet en color<\/li>\n<li>Documentaci\u00f3 original acreditativa d&#039;experi\u00e8ncia professional a urg\u00e8ncies i\/o emerg\u00e8ncies (opcional)<\/li>\n<\/ul>\n<p>&nbsp;<\/p>\n<p>Podeu fer-nos arribar la documentaci\u00f3 sense compulsar per correu electr\u00f2nic, i quan estigueu a Barcelona, abans de l&#039;inici del curs, feu-nos el lliurament f\u00edsic dels documents degudament compulsats.<\/p>\n<p>Us recordem que la reserva de pla\u00e7a dependr\u00e0 de l&#039;ordre cronol\u00f2gic de matriculaci\u00f3 amb el corresponent abonament de la preinscripci\u00f3 i, posteriorment, de la totalitat del preu del m\u00e0ster.<\/p>\n<p>&nbsp;<\/p>\n<p><u>OPCIONS DE PAGAMENT:<\/u><\/p>\n<ul>\n<li>\u00cdntegre: 8.650\u20ac<\/li>\n<li>Fraccionat:<\/li>\n<li>1r pagament: 3.000 euros corresponents a l&#039;import de la preinscripci\u00f3.<\/li>\n<li>2\u00ba pago: 3.450 euros antes del 30 de Septiembre de 2025 mediante recibo domiciliado.<\/li>\n<li>3\u00ba pago: 2.350 euros antes del 30 de Noviembre de 2025 mediante recibo domiciliado.<\/li>\n<\/ul>\n<p>&nbsp;<\/p>\n<p><u>Dades banc\u00e0ries<\/u><\/p>\n<p>Proc\u00e9s de pagament de la preinscripci\u00f3 directament per transfer\u00e8ncia banc\u00e0ria al n\u00famero de compte corrent:<\/p>\n<p><strong>IBAN<\/strong> ES31 2100 1007 1002 0009 8009<br \/><strong>SWIFT \/ BIC<\/strong> CAIXESBBXXX<\/p>\n<p>(\u00e9s imprescindible indicar el nom complet en el concepte en fer la transfer\u00e8ncia)<\/p>\n<p>&nbsp;<\/p>\n<p><u>Mensualitats mitjan\u00e7ant cr\u00e8dits d&#039;entitat financera<\/u><\/p>\n<p>L&#039;IEM posa a la disposici\u00f3 de l&#039;alumnat inscrit programes de finan\u00e7ament del m\u00e0ster amb condicions especials a trav\u00e9s de les entitats banc\u00e0ries La Caixa, Banc Sabadell, Bankia i TargoBank. Contacta amb nosaltres per a m\u00e9s informaci\u00f3.<\/p>\n<p>&nbsp;<\/p>\n<p><u>Condicions<\/u><\/p>\n<p>La reserva definitiva de la pla\u00e7a es far\u00e0 efectiva una vegada es faci el pagament corresponent a la preinscripci\u00f3.<\/p>\n<p>L&#039;IEM no garanteix la realitzaci\u00f3 d&#039;aquesta activitat formativa si no s&#039;arriba a un nombre m\u00ednim d&#039;alumnes matriculats. En el sup\u00f2sit de superar-se el nombre m\u00e0xim dalumnes, la direcci\u00f3 acad\u00e8mica del m\u00e0ster establir\u00e0 un proc\u00e9s de selecci\u00f3 entre els matriculats. L&#039;ordre de matriculaci\u00f3, el pagament total de l&#039;import m\u00e0ster, l&#039;antiguitat a la titulaci\u00f3 i l&#039;experi\u00e8ncia a urg\u00e8ncies i emerg\u00e8ncies seran determinants, amb la finalitat de preservar la qualitat docent de l&#039;activitat.<\/p>\n<p>&nbsp;<\/p>\n<p><u>Horari de Preinscripci\u00f3<\/u><\/p>\n<p>De dilluns a dijous de 09.00 a 18.00 h. Divendres de 09:00 a 14:30 h.<\/p>\n<p>[\/et_pb_text][et_pb_text _builder_version=\u00bb4.16&#8243; text_font=\u00bbRaleway|600|||||||\u00bb text_text_color=\u00bb#b70000&#8243; text_font_size=\u00bb19px\u00bb custom_margin=\u00bb||10px|||\u00bb text_text_align=\u00bbleft\u00bb global_colors_info=\u00bb{}\u00bb]<\/p>\n<p>Entitats col\u00b7laboradores<\/p>\n<p>[\/et_pb_text][et_pb_divider color=\u00bb#d6d6d6&#8243; divider_weight=\u00bb2px\u00bb _builder_version=\u00bb4.16&#8243; width=\u00bb75%\u00bb module_alignment=\u00bbleft\u00bb custom_margin=\u00bb-3px||0px|||\u00bb global_colors_info=\u00bb{}\u00bb][\/et_pb_divider][et_pb_text _builder_version=\u00bb4.16&#8243; global_colors_info=\u00bb{}\u00bb]<\/p>\n<p>M\u00e9s de 100 institucions i organitzacions de prestigi reconegut de l&#039;entorn de la urg\u00e8ncia i l&#039;emerg\u00e8ncia, tant nacionals com internacionals, col\u00b7laboren en les diferents assignatures del m\u00e0ster. La qualitat dels professionals de les entitats esmentades aporta un gran valor a aquest programa formatiu, ja que l&#039;especificitat de molts dels \u00e0mbits d&#039;actuaci\u00f3 de la urg\u00e8ncia i l&#039;emerg\u00e8ncia requereix t\u00e8cniques i coneixements concrets i avan\u00e7ats que \u00fanicament els professionals en actiu coneixen i practiquen.<\/p>\n<p>[\/et_pb_text][\/et_pb_column][et_pb_column type=\u00bb1_3&#8243; module_id=\u00bbfixar\u00bb _builder_version=\u00bb4.16&#8243; global_colors_info=\u00bb{}\u00bb][et_pb_image src=\u00bbhttps:\/\/iem-emergencia.com\/wp-content\/uploads\/2019\/08\/IEM_training.png\u00bb title_text=\u00bbIEM_training\u00bb _builder_version=\u00bb4.16&#8243; width=\u00bb70%\u00bb module_alignment=\u00bbcenter\u00bb global_colors_info=\u00bb{}\u00bb][\/et_pb_image][et_pb_image src=\u00bbhttps:\/\/web.iem-emergencia.com\/wp-content\/uploads\/logofacultat-medicina-v5-vertical-2lin-gran-verd.jpg\u00bb title_text=\u00bblogofacultat-medicina-v5-vertical-2lin-gran-verd\u00bb _builder_version=\u00bb4.27.4&#8243; width=\u00bb58%\u00bb module_alignment=\u00bbcenter\u00bb hover_enabled=\u00bb0&#8243; global_colors_info=\u00bb{}\u00bb sticky_enabled=\u00bb0&#8243;][\/et_pb_image][et_pb_text _builder_version=\u00bb4.27.4&#8243; _module_preset=\u00bbdefault\u00bb text_orientation=\u00bbcenter\u00bb text_font_size=\u00bb14px\u00bb hover_enabled=\u00bb0&#8243; sticky_enabled=\u00bb0&#8243; custom_margin=\u00bb||55px|||\u00bb]<\/p>\n<p>En tr\u00e1mite de acreditaci\u00f3n la edici\u00f3n 2027-2028<\/p>\n<p>[\/et_pb_text][et_pb_text _builder_version=\u00bb4.16&#8243; text_font=\u00bbRaleway|600|||||||\u00bb text_text_color=\u00bb#b70000&#8243; text_font_size=\u00bb19px\u00bb custom_margin=\u00bb||10px|||\u00bb text_text_align=\u00bbleft\u00bb global_colors_info=\u00bb{}\u00bb]<\/p>\n<p>Detalls del curs<\/p>\n<p>[\/et_pb_text][et_pb_divider color=\u00bb#d6d6d6&#8243; divider_weight=\u00bb2px\u00bb _builder_version=\u00bb4.16&#8243; width=\u00bb75%\u00bb module_alignment=\u00bbleft\u00bb custom_margin=\u00bb-3px||13px|||\u00bb global_colors_info=\u00bb{}\u00bb][\/et_pb_divider][et_pb_blurb title=\u00bbPrecio\u00bb use_icon=\u00bbon\u00bb font_icon=\u00bb&#xe0f3;||divi||400&#8243; icon_placement=\u00bbleft\u00bb image_icon_width=\u00bb20px\u00bb _builder_version=\u00bb4.27.4&#8243; header_font_size=\u00bb15px\u00bb header_line_height=\u00bb0.1em\u00bb background_color=\u00bb#f4f4f4&#8243; custom_margin=\u00bb||6px||false|false\u00bb custom_padding=\u00bb18px|15px|7px|15px|false|true\u00bb icon_font_size=\u00bb20px\u00bb global_colors_info=\u00bb{}\u00bb]<\/p>\n<p>8.650 \u20ac<\/p>\n<p>[\/et_pb_blurb][et_pb_blurb title=\u00bbPlazas ofertadas\u00bb use_icon=\u00bbon\u00bb font_icon=\u00bb&#xe08b;||divi||400&#8243; icon_placement=\u00bbleft\u00bb image_icon_width=\u00bb20px\u00bb _builder_version=\u00bb4.16&#8243; header_font_size=\u00bb15px\u00bb header_line_height=\u00bb0.1em\u00bb background_color=\u00bb#f4f4f4&#8243; custom_margin=\u00bb||6px||false|false\u00bb custom_padding=\u00bb18px|15px|7px|15px|false|true\u00bb icon_font_size=\u00bb20px\u00bb global_colors_info=\u00bb{}\u00bb]<\/p>\n<p>40<\/p>\n<p>[\/et_pb_blurb][et_pb_blurb title=\u00bbDuraci\u00f3n del m\u00e1ster\u00bb use_icon=\u00bbon\u00bb font_icon=\u00bb&#x7d;||divi||400&#8243; icon_placement=\u00bbleft\u00bb image_icon_width=\u00bb20px\u00bb _builder_version=\u00bb4.16&#8243; header_font_size=\u00bb15px\u00bb header_line_height=\u00bb0.1em\u00bb background_color=\u00bb#f4f4f4&#8243; custom_margin=\u00bb||6px||false|false\u00bb custom_padding=\u00bb18px|15px|7px|15px|false|true\u00bb icon_font_size=\u00bb20px\u00bb global_colors_info=\u00bb{}\u00bb]<\/p>\n<p>90 cr\u00e8dits ECTS<\/p>\n<p>[\/et_pb_blurb][et_pb_blurb title=\u00bbFechas\u00bb use_icon=\u00bbon\u00bb font_icon=\u00bb&#xe023;||divi||400&#8243; icon_placement=\u00bbleft\u00bb image_icon_width=\u00bb20px\u00bb _builder_version=\u00bb4.27.4&#8243; header_font_size=\u00bb15px\u00bb header_line_height=\u00bb0.1em\u00bb background_color=\u00bb#f4f4f4&#8243; custom_margin=\u00bb||46px||false|false\u00bb custom_padding=\u00bb18px|15px|7px|15px|false|true\u00bb icon_font_size=\u00bb20px\u00bb global_colors_info=\u00bb{}\u00bb]<\/p>\n<p>Octubre 2023 a Mar\u00e7 2025<\/p>\n<p>[\/et_pb_blurb][et_pb_text _builder_version=\u00bb4.16&#8243; text_font=\u00bbRaleway|600|||||||\u00bb text_text_color=\u00bb#b70000&#8243; text_font_size=\u00bb19px\u00bb custom_margin=\u00bb||10px|||\u00bb text_text_align=\u00bbleft\u00bb global_colors_info=\u00bb{}\u00bb]<\/p>\n<p>Requisits d'acc\u00e9s<\/p>\n<p>[\/et_pb_text][et_pb_divider color=\u00bb#d6d6d6&#8243; divider_weight=\u00bb2px\u00bb _builder_version=\u00bb4.16&#8243; width=\u00bb75%\u00bb module_alignment=\u00bbleft\u00bb custom_margin=\u00bb-3px||-3px|||\u00bb global_colors_info=\u00bb{}\u00bb][\/et_pb_divider][et_pb_text _builder_version=\u00bb4.16&#8243; custom_margin=\u00bb||49px|||\u00bb global_colors_info=\u00bb{}\u00bb]<\/p>\n<p>Estar en posessi\u00f3 del T\u00edtol Universitari en Medicina i\/o Infermeria.<\/p>\n<p>[\/et_pb_text][et_pb_button button_url=\u00bbhttps:\/\/web.iem-emergencia.com\/wp-content\/uploads\/2025\/01\/Master26-2023.pdf\u00bb button_text=\u00bbDescargar folleto PDF\u00bb button_alignment=\u00bbcenter\u00bb _builder_version=\u00bb4.27.4&#8243; custom_button=\u00bbon\u00bb button_text_color=\u00bb#ad1f18&#8243; button_bg_color=\u00bbrgba(216,112,112,0.3)\u00bb button_border_width=\u00bb0px\u00bb button_letter_spacing=\u00bb1px\u00bb button_icon=\u00bb&#x6c;||divi||400&#8243; button_icon_placement=\u00bbleft\u00bb button_on_hover=\u00bboff\u00bb global_colors_info=\u00bb{}\u00bb][\/et_pb_button][et_pb_button button_url=\u00bb#formulario\u00bb button_text=\u00bbPreinscripci\u00f3n\u00bb button_alignment=\u00bbcenter\u00bb _builder_version=\u00bb4.16&#8243; custom_button=\u00bbon\u00bb button_text_color=\u00bb#bf1616&#8243; button_bg_color=\u00bb#e0e0e0&#8243; button_border_width=\u00bb0px\u00bb button_letter_spacing=\u00bb1px\u00bb button_icon=\u00bb&#x6c;||divi||400&#8243; button_icon_placement=\u00bbleft\u00bb button_on_hover=\u00bboff\u00bb global_colors_info=\u00bb{}\u00bb][\/et_pb_button][\/et_pb_column][\/et_pb_row][et_pb_row _builder_version=\u00bb4.16&#8243; custom_padding=\u00bb47px||0px|||\u00bb global_colors_info=\u00bb{}\u00bb][et_pb_column type=\u00bb4_4&#8243; module_id=\u00bbstop\u00bb _builder_version=\u00bb4.16&#8243; global_colors_info=\u00bb{}\u00bb][et_pb_text _builder_version=\u00bb4.27.4&#8243; global_colors_info=\u00bb{}\u00bb]<\/p>\n<style type=\"text\/css\">\r\n    #lgx_lsw_preloader_220401 {\r\n        display: flex;\r\n        align-items: center;\r\n        justify-content: center;\r\n        text-align: center;\r\n        background: #ffffff;\r\n        z-index: 9999;\r\n        position: absolute;\r\n        left: 0;\r\n        top: 0;\r\n        height: 100%;\r\n        width: 100%;\r\n    }\r\n<\/style><div id=\"lgx_logo_slider_app_220401\" class=\"lgx_logo_slider_app\">\r\n\r\n    <div id=\"lgx_lsw_preloader_220401\"\" class=\"lgx_lsw_preloader\"> <img decoding=\"async\" src=\"https:\/\/web.iem-emergencia.com\/wp-content\/plugins\/logo-slider-wp\/public\/assets\/img\/loader.gif\" \/><\/div>\r\n    <div class=\"lgx_logo_slider lgx_logo_slider_free\">\r\n        <div class=\"lgx_app_inner lgx_app_layout_carousel\">\r\n            <div class=\"lgx_app_container-fluid\">\r\n\r\n                \r\n                <div id=\"lgx_app_content_wrap_220401895\" class=\"lgx_app_content_wrapper  swiper lgx_logo_carousel\"   data-effect=\"slide\"  data-infinite=\"true\"  data-speed=\"450\"  data-autoplay=\"true\"  data-delay=\"1500\"  data-pause=\"false\"  data-space=\"30\"  data-nav=\"false\"  data-pagination=\"false\"  data-height=\"false\"  data-move=\"true\"  data-wheel=\"false\"  data-simulate=\"true\"  data-grab=\"false\"  data-dynamic=\"false\"  data-bullets_no=\"1\"  data-item_mobile=\"2\"  data-item_tablet=\"3\"  data-item_desk=\"4\"  data-item_large=\"5\"  data-lazy=\"false\"    >\r\n\r\n                    \r\n                    <div class=\"lgx_app_item_row   swiper-wrapper\"  >\r\n                        <div class=\"lgx_app_item  swiper-slide lgx_app_hover_effect_none\">\r\n    <div class=\"lgx_app_item_inner\" >\r\n    \r\n                    <div class=\"lgx_app_item_figure lgx_img_hover_anim__default\">\r\n                <a class=\"lgx_app_item_link\"    href=\"javascript:void(0);\"  target=\"_self\" >\r\n                    <img decoding=\"async\" class=\"lgx_app_item_img\" src=\"https:\/\/web.iem-emergencia.com\/wp-content\/uploads\/2025\/01\/layout_set_logo.png\"  alt=\"\" \/>\r\n                <\/a>\r\n            <\/div> <!--\/\/.FIGURE -->\r\n        \r\n        <div class=\"lgx_app_item_info\">\r\n                                <\/div>\r\n\r\n        \r\n    <\/div>\r\n<\/div><div class=\"lgx_app_item  swiper-slide lgx_app_hover_effect_none\">\r\n    <div class=\"lgx_app_item_inner\" >\r\n    \r\n                    <div class=\"lgx_app_item_figure lgx_img_hover_anim__default\">\r\n                <a class=\"lgx_app_item_link\"    href=\"javascript:void(0);\"  target=\"_self\" >\r\n                    <img decoding=\"async\" class=\"lgx_app_item_img\" src=\"https:\/\/web.iem-emergencia.com\/wp-content\/uploads\/2025\/01\/Recurso-2.png\"  alt=\"\" \/>\r\n                <\/a>\r\n            <\/div> <!--\/\/.FIGURE -->\r\n        \r\n        <div class=\"lgx_app_item_info\">\r\n                                <\/div>\r\n\r\n        \r\n    <\/div>\r\n<\/div><div class=\"lgx_app_item  swiper-slide lgx_app_hover_effect_none\">\r\n    <div class=\"lgx_app_item_inner\" >\r\n    \r\n                    <div class=\"lgx_app_item_figure lgx_img_hover_anim__default\">\r\n                <a class=\"lgx_app_item_link\"    href=\"javascript:void(0);\"  target=\"_self\" >\r\n                    <img decoding=\"async\" class=\"lgx_app_item_img\" src=\"https:\/\/web.iem-emergencia.com\/wp-content\/uploads\/2025\/01\/udc_logo.png\"  alt=\"\" \/>\r\n                <\/a>\r\n            <\/div> <!--\/\/.FIGURE -->\r\n        \r\n        <div class=\"lgx_app_item_info\">\r\n                                <\/div>\r\n\r\n        \r\n    <\/div>\r\n<\/div><div class=\"lgx_app_item  swiper-slide lgx_app_hover_effect_none\">\r\n    <div class=\"lgx_app_item_inner\" >\r\n    \r\n                    <div class=\"lgx_app_item_figure lgx_img_hover_anim__default\">\r\n                <a class=\"lgx_app_item_link\"    href=\"javascript:void(0);\"  target=\"_self\" >\r\n                    <img decoding=\"async\" class=\"lgx_app_item_img\" src=\"https:\/\/web.iem-emergencia.com\/wp-content\/uploads\/2025\/01\/fraternidad-muprespa-logo.png\"  alt=\"\" \/>\r\n                <\/a>\r\n            <\/div> <!--\/\/.FIGURE -->\r\n        \r\n        <div class=\"lgx_app_item_info\">\r\n                                <\/div>\r\n\r\n        \r\n    <\/div>\r\n<\/div><div class=\"lgx_app_item  swiper-slide lgx_app_hover_effect_none\">\r\n    <div class=\"lgx_app_item_inner\" >\r\n    \r\n                    <div class=\"lgx_app_item_figure lgx_img_hover_anim__default\">\r\n                <a class=\"lgx_app_item_link\"    href=\"javascript:void(0);\"  target=\"_self\" >\r\n                    <img decoding=\"async\" class=\"lgx_app_item_img\" src=\"https:\/\/web.iem-emergencia.com\/wp-content\/uploads\/2025\/01\/logo_trueta_def.png\"  alt=\"\" \/>\r\n                <\/a>\r\n            <\/div> <!--\/\/.FIGURE -->\r\n        \r\n        <div class=\"lgx_app_item_info\">\r\n                                <\/div>\r\n\r\n        \r\n    <\/div>\r\n<\/div><div class=\"lgx_app_item  swiper-slide lgx_app_hover_effect_none\">\r\n    <div class=\"lgx_app_item_inner\" >\r\n    \r\n                    <div class=\"lgx_app_item_figure lgx_img_hover_anim__default\">\r\n                <a class=\"lgx_app_item_link\"    href=\"javascript:void(0);\"  target=\"_self\" >\r\n                    <img decoding=\"async\" class=\"lgx_app_item_img\" src=\"https:\/\/web.iem-emergencia.com\/wp-content\/uploads\/2025\/01\/descarga-1-1.jpg\"  alt=\"\" \/>\r\n                <\/a>\r\n            <\/div> <!--\/\/.FIGURE -->\r\n        \r\n        <div class=\"lgx_app_item_info\">\r\n                                <\/div>\r\n\r\n        \r\n    <\/div>\r\n<\/div><div class=\"lgx_app_item  swiper-slide lgx_app_hover_effect_none\">\r\n    <div class=\"lgx_app_item_inner\" >\r\n    \r\n                    <div class=\"lgx_app_item_figure lgx_img_hover_anim__default\">\r\n                <a class=\"lgx_app_item_link\"    href=\"javascript:void(0);\"  target=\"_self\" >\r\n                    <img decoding=\"async\" class=\"lgx_app_item_img\" src=\"https:\/\/web.iem-emergencia.com\/wp-content\/uploads\/2025\/01\/descarga-5.png\"  alt=\"\" \/>\r\n                <\/a>\r\n            <\/div> <!--\/\/.FIGURE -->\r\n        \r\n        <div class=\"lgx_app_item_info\">\r\n                                <\/div>\r\n\r\n        \r\n    <\/div>\r\n<\/div><div class=\"lgx_app_item  swiper-slide lgx_app_hover_effect_none\">\r\n    <div class=\"lgx_app_item_inner\" >\r\n    \r\n                    <div class=\"lgx_app_item_figure lgx_img_hover_anim__default\">\r\n                <a class=\"lgx_app_item_link\"    href=\"javascript:void(0);\"  target=\"_self\" >\r\n                    <img decoding=\"async\" class=\"lgx_app_item_img\" src=\"https:\/\/web.iem-emergencia.com\/wp-content\/uploads\/2025\/01\/logo-chv.png\"  alt=\"\" \/>\r\n                <\/a>\r\n            <\/div> <!--\/\/.FIGURE -->\r\n        \r\n        <div class=\"lgx_app_item_info\">\r\n                                <\/div>\r\n\r\n        \r\n    <\/div>\r\n<\/div><div class=\"lgx_app_item  swiper-slide lgx_app_hover_effect_none\">\r\n    <div class=\"lgx_app_item_inner\" >\r\n    \r\n                    <div class=\"lgx_app_item_figure lgx_img_hover_anim__default\">\r\n                <a class=\"lgx_app_item_link\"    href=\"javascript:void(0);\"  target=\"_self\" >\r\n                    <img decoding=\"async\" class=\"lgx_app_item_img\" src=\"https:\/\/web.iem-emergencia.com\/wp-content\/uploads\/2025\/01\/A_logo_fgris-980x192-1.png\"  alt=\"\" \/>\r\n                <\/a>\r\n            <\/div> <!--\/\/.FIGURE -->\r\n        \r\n        <div class=\"lgx_app_item_info\">\r\n                                <\/div>\r\n\r\n        \r\n    <\/div>\r\n<\/div>                    <\/div> <!--\/\/.APP CONTENT INNER END-->\r\n\r\n                    \r\n                    \r\n                <\/div> <!-- \/\/.CONTENT WRAP END-->\r\n\r\n            <\/div><!--\/\/.APP CONTAINER END-->\r\n        <\/div> <!--\/\/.INNER END-->\r\n    <\/div> <!-- APP CONTAINER END -->\r\n\r\n<\/div> <!--\/\/.APP END-->\n<p>[\/et_pb_text][\/et_pb_column][\/et_pb_row][\/et_pb_section][et_pb_section fb_built=\u00bb1&#8243; _builder_version=\u00bb4.16&#8243; background_color=\u00bbrgba(242,242,242,0.24)\u00bb min_height=\u00bb216px\u00bb custom_padding=\u00bb29px|||||\u00bb da_disable_devices=\u00bboff|off|off\u00bb global_colors_info=\u00bb{}\u00bb da_is_popup=\u00bboff\u00bb da_exit_intent=\u00bboff\u00bb da_has_close=\u00bbon\u00bb da_alt_close=\u00bboff\u00bb da_dark_close=\u00bboff\u00bb da_not_modal=\u00bbon\u00bb da_is_singular=\u00bboff\u00bb da_with_loader=\u00bboff\u00bb da_has_shadow=\u00bbon\u00bb][et_pb_row module_id=\u00bbformulario\u00bb _builder_version=\u00bb4.16&#8243; global_colors_info=\u00bb{}\u00bb][et_pb_column type=\u00bb4_4&#8243; _builder_version=\u00bb4.16&#8243; global_colors_info=\u00bb{}\u00bb][et_pb_text _builder_version=\u00bb4.16&#8243; header_2_font=\u00bb|700|||||||\u00bb global_colors_info=\u00bb{}\u00bb]<\/p>\n<h2>Formulari de preinscripci\u00f3<\/h2>\n<p>Omple el seg\u00fcent formulari amb les teves dades per fer la preinscripci\u00f3 al curs.<\/p>\n<p>[\/et_pb_text][et_pb_contact_form email=\u00bbinfo@iem-emergencia.com\u00bb title=\u00bbPreinscripci\u00f3n M\u00e1ster\u00bb custom_message=\u00bb\/\/\/\/\/\/\/\/\/\/  \/\/  \/    \/||et_pb_line_break_holder||NOVA PREINSCRIPCI\u00d3 AL M\u00c0STER||et_pb_line_break_holder||\/\/\/\/\/\/\/\/\/  \/\/  \/    \/||et_pb_line_break_holder||||et_pb_line_break_holder||||et_pb_line_break_holder||&#8212;&#8211; DADES DE CONTACTE &#8212;&#8212;&#8212;&#8212;&#8212;&#8212;||et_pb_line_break_holder||Nom i Cognoms: %%Nombre%% %%Apellidos%%||et_pb_line_break_holder||E-mail: %%Email%%||et_pb_line_break_holder||Tel\u00e8fon: %%Telefono%%||et_pb_line_break_holder||Adre\u00e7a postal: %%Direccion%%||et_pb_line_break_holder||Codi Posal: %%CP%%||et_pb_line_break_holder||||et_pb_line_break_holder||DNI\/NIF\/Passaport: %%DNI%%||et_pb_line_break_holder||Data de naixement: %%Nacimiento%%||et_pb_line_break_holder||||et_pb_line_break_holder||||et_pb_line_break_holder||&#8212;&#8211; DADES LABORALS &#8212;&#8212;&#8212;&#8212;&#8212;&#8212;||et_pb_line_break_holder||Treballa actualment: %%Trabajas%%||et_pb_line_break_holder||Empresa: %%Nombreempresa%%||et_pb_line_break_holder||Adre\u00e7a: %%Direccionempresa%%||et_pb_line_break_holder||Codi postal: %%CPempresa%%||et_pb_line_break_holder||Poblaci\u00f3: %%Poblacionempresa%%||et_pb_line_break_holder||Prov\u00edncia: %%Provinciaempresa%%||et_pb_line_break_holder||Tel\u00e8fon: %%Telefonoempresa%%||et_pb_line_break_holder||E-mail: %%Emailempresa%%||et_pb_line_break_holder||C\u00e0rreg: %%Cargoempresa%%||et_pb_line_break_holder||Departament: %%Departamentoempresa%%||et_pb_line_break_holder||||et_pb_line_break_holder||||et_pb_line_break_holder||&#8212;&#8211; OBSERVACIONS ADICIONALS &#8212;&#8212;&#8212;||et_pb_line_break_holder||%%Observaciones%%||et_pb_line_break_holder||||et_pb_line_break_holder||||et_pb_line_break_holder||\/\/\/\/\/\/\/ \/\/ \/   \/||et_pb_line_break_holder||Preinscripci\u00f3 rebuda desde la web.||et_pb_line_break_holder||IEM Servidor\u00bb use_redirect=\u00bbon\u00bb redirect_url=\u00bb\/pagoinscripciontpv\/\u00bb success_message=\u00bbPreinscripci\u00f3n realizada con \u00e9xito.\u00bb submit_button_text=\u00bbRealizar preinscripci\u00f3n\u00bb _builder_version=\u00bb4.27.4&#8243; _unique_id=\u00bb9161a056-719e-4da4-b14f-02c41993135b\u00bb title_text_color=\u00bbrgba(0,0,0,0)\u00bb custom_button=\u00bbon\u00bb button_on_hover=\u00bboff\u00bb global_colors_info=\u00bb{}\u00bb][et_pb_contact_field field_id=\u00bbNombre\u00bb field_title=\u00bbNombre\u00bb _builder_version=\u00bb4.16&#8243; global_colors_info=\u00bb{}\u00bb button_text_size__hover_enabled=\u00bboff\u00bb button_one_text_size__hover_enabled=\u00bboff\u00bb button_two_text_size__hover_enabled=\u00bboff\u00bb button_text_color__hover_enabled=\u00bboff\u00bb button_one_text_color__hover_enabled=\u00bboff\u00bb button_two_text_color__hover_enabled=\u00bboff\u00bb button_border_width__hover_enabled=\u00bboff\u00bb button_one_border_width__hover_enabled=\u00bboff\u00bb button_two_border_width__hover_enabled=\u00bboff\u00bb button_border_color__hover_enabled=\u00bboff\u00bb button_one_border_color__hover_enabled=\u00bboff\u00bb button_two_border_color__hover_enabled=\u00bboff\u00bb button_border_radius__hover_enabled=\u00bboff\u00bb button_one_border_radius__hover_enabled=\u00bboff\u00bb button_two_border_radius__hover_enabled=\u00bboff\u00bb button_letter_spacing__hover_enabled=\u00bboff\u00bb button_one_letter_spacing__hover_enabled=\u00bboff\u00bb button_two_letter_spacing__hover_enabled=\u00bboff\u00bb button_bg_color__hover_enabled=\u00bboff\u00bb button_one_bg_color__hover_enabled=\u00bboff\u00bb button_two_bg_color__hover_enabled=\u00bboff\u00bb][\/et_pb_contact_field][et_pb_contact_field field_id=\u00bbApellidos\u00bb field_title=\u00bbApellidos\u00bb _builder_version=\u00bb4.16&#8243; global_colors_info=\u00bb{}\u00bb button_text_size__hover_enabled=\u00bboff\u00bb button_one_text_size__hover_enabled=\u00bboff\u00bb button_two_text_size__hover_enabled=\u00bboff\u00bb button_text_color__hover_enabled=\u00bboff\u00bb button_one_text_color__hover_enabled=\u00bboff\u00bb button_two_text_color__hover_enabled=\u00bboff\u00bb button_border_width__hover_enabled=\u00bboff\u00bb button_one_border_width__hover_enabled=\u00bboff\u00bb button_two_border_width__hover_enabled=\u00bboff\u00bb button_border_color__hover_enabled=\u00bboff\u00bb button_one_border_color__hover_enabled=\u00bboff\u00bb button_two_border_color__hover_enabled=\u00bboff\u00bb button_border_radius__hover_enabled=\u00bboff\u00bb button_one_border_radius__hover_enabled=\u00bboff\u00bb button_two_border_radius__hover_enabled=\u00bboff\u00bb button_letter_spacing__hover_enabled=\u00bboff\u00bb button_one_letter_spacing__hover_enabled=\u00bboff\u00bb button_two_letter_spacing__hover_enabled=\u00bboff\u00bb button_bg_color__hover_enabled=\u00bboff\u00bb button_one_bg_color__hover_enabled=\u00bboff\u00bb button_two_bg_color__hover_enabled=\u00bboff\u00bb][\/et_pb_contact_field][et_pb_contact_field field_id=\u00bbEmail\u00bb field_title=\u00bbDirecci\u00f3n de correo electr\u00f3nico\u00bb field_type=\u00bbemail\u00bb _builder_version=\u00bb4.16&#8243; global_colors_info=\u00bb{}\u00bb button_text_size__hover_enabled=\u00bboff\u00bb button_one_text_size__hover_enabled=\u00bboff\u00bb button_two_text_size__hover_enabled=\u00bboff\u00bb button_text_color__hover_enabled=\u00bboff\u00bb button_one_text_color__hover_enabled=\u00bboff\u00bb button_two_text_color__hover_enabled=\u00bboff\u00bb button_border_width__hover_enabled=\u00bboff\u00bb button_one_border_width__hover_enabled=\u00bboff\u00bb button_two_border_width__hover_enabled=\u00bboff\u00bb button_border_color__hover_enabled=\u00bboff\u00bb button_one_border_color__hover_enabled=\u00bboff\u00bb button_two_border_color__hover_enabled=\u00bboff\u00bb button_border_radius__hover_enabled=\u00bboff\u00bb button_one_border_radius__hover_enabled=\u00bboff\u00bb button_two_border_radius__hover_enabled=\u00bboff\u00bb button_letter_spacing__hover_enabled=\u00bboff\u00bb button_one_letter_spacing__hover_enabled=\u00bboff\u00bb button_two_letter_spacing__hover_enabled=\u00bboff\u00bb button_bg_color__hover_enabled=\u00bboff\u00bb button_one_bg_color__hover_enabled=\u00bboff\u00bb button_two_bg_color__hover_enabled=\u00bboff\u00bb][\/et_pb_contact_field][et_pb_contact_field field_id=\u00bbTelefono\u00bb field_title=\u00bbTel\u00e9fono\u00bb _builder_version=\u00bb4.16&#8243; global_colors_info=\u00bb{}\u00bb button_text_size__hover_enabled=\u00bboff\u00bb button_one_text_size__hover_enabled=\u00bboff\u00bb button_two_text_size__hover_enabled=\u00bboff\u00bb button_text_color__hover_enabled=\u00bboff\u00bb button_one_text_color__hover_enabled=\u00bboff\u00bb button_two_text_color__hover_enabled=\u00bboff\u00bb button_border_width__hover_enabled=\u00bboff\u00bb button_one_border_width__hover_enabled=\u00bboff\u00bb button_two_border_width__hover_enabled=\u00bboff\u00bb button_border_color__hover_enabled=\u00bboff\u00bb button_one_border_color__hover_enabled=\u00bboff\u00bb button_two_border_color__hover_enabled=\u00bboff\u00bb button_border_radius__hover_enabled=\u00bboff\u00bb button_one_border_radius__hover_enabled=\u00bboff\u00bb button_two_border_radius__hover_enabled=\u00bboff\u00bb button_letter_spacing__hover_enabled=\u00bboff\u00bb button_one_letter_spacing__hover_enabled=\u00bboff\u00bb button_two_letter_spacing__hover_enabled=\u00bboff\u00bb button_bg_color__hover_enabled=\u00bboff\u00bb button_one_bg_color__hover_enabled=\u00bboff\u00bb button_two_bg_color__hover_enabled=\u00bboff\u00bb][\/et_pb_contact_field][et_pb_contact_field field_id=\u00bbDireccion\u00bb field_title=\u00bbDirecci\u00f3n postal\u00bb _builder_version=\u00bb4.16&#8243; global_colors_info=\u00bb{}\u00bb][\/et_pb_contact_field][et_pb_contact_field field_id=\u00bbCP\u00bb field_title=\u00bbC\u00f3digo postal\u00bb _builder_version=\u00bb4.16&#8243; global_colors_info=\u00bb{}\u00bb][\/et_pb_contact_field][et_pb_contact_field field_id=\u00bbDNI\u00bb field_title=\u00bbDNI \/ NIF \/ Pasaporte\u00bb _builder_version=\u00bb4.16&#8243; global_colors_info=\u00bb{}\u00bb][\/et_pb_contact_field][et_pb_contact_field field_id=\u00bbNacimiento\u00bb field_title=\u00bbFecha de nacimiento\u00bb _builder_version=\u00bb4.16&#8243; global_colors_info=\u00bb{}\u00bb][\/et_pb_contact_field][et_pb_contact_field field_id=\u00bbTrabajas\u00bb field_title=\u00bb\u00bfEst\u00e1s trabajando actualmente?\u00bb field_type=\u00bbradio\u00bb radio_options=\u00bb%91{%22value%22:%22No%22,%22checked%22:1,%22dragID%22:-1},{%22value%22:%22Si%22,%22checked%22:0,%22dragID%22:0}%93&#8243; fullwidth_field=\u00bbon\u00bb _builder_version=\u00bb4.16&#8243; global_colors_info=\u00bb{}\u00bb][\/et_pb_contact_field][et_pb_contact_field field_id=\u00bbNombreempresa\u00bb field_title=\u00bbEmpresa\u00bb required_mark=\u00bboff\u00bb fullwidth_field=\u00bbon\u00bb conditional_logic=\u00bbon\u00bb conditional_logic_rules=\u00bb%91{%22field%22:%22trabajas%22,%22condition%22:%22is%22,%22value%22:%22Si%22}%93&#8243; _builder_version=\u00bb4.16&#8243; global_colors_info=\u00bb{}\u00bb][\/et_pb_contact_field][et_pb_contact_field field_id=\u00bbDireccionempresa\u00bb field_title=\u00bbDirecci\u00f3n postal\u00bb required_mark=\u00bboff\u00bb conditional_logic=\u00bbon\u00bb conditional_logic_rules=\u00bb%91{%22field%22:%22trabajas%22,%22condition%22:%22is%22,%22value%22:%22Si%22}%93&#8243; _builder_version=\u00bb4.16&#8243; global_colors_info=\u00bb{}\u00bb][\/et_pb_contact_field][et_pb_contact_field field_id=\u00bbCPempresa\u00bb field_title=\u00bbC\u00f3digo postal\u00bb required_mark=\u00bboff\u00bb conditional_logic=\u00bbon\u00bb conditional_logic_rules=\u00bb%91{%22field%22:%22trabajas%22,%22condition%22:%22is%22,%22value%22:%22Si%22}%93&#8243; _builder_version=\u00bb4.16&#8243; global_colors_info=\u00bb{}\u00bb][\/et_pb_contact_field][et_pb_contact_field field_id=\u00bbPoblacionempresa\u00bb field_title=\u00bbPoblaci\u00f3n\u00bb required_mark=\u00bboff\u00bb conditional_logic=\u00bbon\u00bb conditional_logic_rules=\u00bb%91{%22field%22:%22trabajas%22,%22condition%22:%22is%22,%22value%22:%22Si%22}%93&#8243; _builder_version=\u00bb4.16&#8243; global_colors_info=\u00bb{}\u00bb][\/et_pb_contact_field][et_pb_contact_field field_id=\u00bbProvinciaempresa\u00bb field_title=\u00bbProv\u00edncia\u00bb required_mark=\u00bboff\u00bb conditional_logic=\u00bbon\u00bb conditional_logic_rules=\u00bb%91{%22field%22:%22trabajas%22,%22condition%22:%22is%22,%22value%22:%22Si%22}%93&#8243; _builder_version=\u00bb4.16&#8243; global_colors_info=\u00bb{}\u00bb][\/et_pb_contact_field][et_pb_contact_field field_id=\u00bbTelefonoempresa\u00bb field_title=\u00bbTel\u00e9fono\u00bb required_mark=\u00bboff\u00bb conditional_logic=\u00bbon\u00bb conditional_logic_rules=\u00bb%91{%22field%22:%22trabajas%22,%22condition%22:%22is%22,%22value%22:%22Si%22}%93&#8243; _builder_version=\u00bb4.16&#8243; global_colors_info=\u00bb{}\u00bb][\/et_pb_contact_field][et_pb_contact_field field_id=\u00bbEmailempresa\u00bb field_title=\u00bbE-mail\u00bb field_type=\u00bbemail\u00bb required_mark=\u00bboff\u00bb conditional_logic=\u00bbon\u00bb conditional_logic_rules=\u00bb%91{%22field%22:%22trabajas%22,%22condition%22:%22is%22,%22value%22:%22Si%22}%93&#8243; _builder_version=\u00bb4.16&#8243; global_colors_info=\u00bb{}\u00bb][\/et_pb_contact_field][et_pb_contact_field field_id=\u00bbCargoempresa\u00bb field_title=\u00bbCargo\u00bb required_mark=\u00bboff\u00bb conditional_logic=\u00bbon\u00bb conditional_logic_rules=\u00bb%91{%22field%22:%22trabajas%22,%22condition%22:%22is%22,%22value%22:%22Si%22}%93&#8243; _builder_version=\u00bb4.16&#8243; global_colors_info=\u00bb{}\u00bb][\/et_pb_contact_field][et_pb_contact_field field_id=\u00bbDepartamentoempresa\u00bb field_title=\u00bbDepartamento\u00bb required_mark=\u00bboff\u00bb conditional_logic=\u00bbon\u00bb conditional_logic_rules=\u00bb%91{%22field%22:%22trabajas%22,%22condition%22:%22is%22,%22value%22:%22Si%22}%93&#8243; _builder_version=\u00bb4.16&#8243; global_colors_info=\u00bb{}\u00bb][\/et_pb_contact_field][et_pb_contact_field field_id=\u00bbObservaciones\u00bb field_title=\u00bbObservaciones adicionales\u00bb field_type=\u00bbtext\u00bb required_mark=\u00bboff\u00bb fullwidth_field=\u00bbon\u00bb _builder_version=\u00bb4.16&#8243; global_colors_info=\u00bb{}\u00bb][\/et_pb_contact_field][et_pb_contact_field field_id=\u00bbField_19&#8243; field_title=\u00bbPol\u00edtica de Protecci\u00f3n de Datos\u00bb field_type=\u00bbcheckbox\u00bb checkbox_options=\u00bb%91{%22value%22:%22He le\u00eddo y acepto la pol\u00edtica de protecci\u00f3n de datos.%22,%22checked%22:0,%22dragID%22:-1}%93&#8243; fullwidth_field=\u00bbon\u00bb _builder_version=\u00bb4.16&#8243; global_colors_info=\u00bb{}\u00bb][\/et_pb_contact_field][\/et_pb_contact_form][\/et_pb_column][\/et_pb_row][\/et_pb_section]<\/p>","protected":false},"excerpt":{"rendered":"<p>[et_pb_section fb_built=\u00bb1&#8243; admin_label=\u00bbStaff\u00bb _builder_version=\u00bb4.16&#8243; custom_padding=\u00bb3px||7px|||\u00bb da_disable_devices=\u00bboff|off|off\u00bb global_colors_info=\u00bb{}\u00bb da_is_popup=\u00bboff\u00bb da_exit_intent=\u00bboff\u00bb da_has_close=\u00bbon\u00bb da_alt_close=\u00bboff\u00bb da_dark_close=\u00bboff\u00bb da_not_modal=\u00bbon\u00bb da_is_singular=\u00bboff\u00bb da_with_loader=\u00bboff\u00bb da_has_shadow=\u00bbon\u00bb][et_pb_row column_structure=\u00bb2_3,1_3&#8243; _builder_version=\u00bb4.16&#8243; width=\u00bb100%\u00bb module_alignment=\u00bbcenter\u00bb custom_padding=\u00bb||38px|||\u00bb global_colors_info=\u00bb{}\u00bb][et_pb_column type=\u00bb2_3&#8243; _builder_version=\u00bb4.16&#8243; global_colors_info=\u00bb{}\u00bb][et_pb_image src=\u00bbhttps:\/\/web.iem-emergencia.com\/wp-content\/uploads\/2025\/01\/IMG_7961-e1737374692383.png\u00bb title_text=\u00bbIMG_7961&#8243; force_fullwidth=\u00bbon\u00bb _builder_version=\u00bb4.27.4&#8243; height=\u00bb320px\u00bb [&hellip;]<\/p>","protected":false},"author":1,"featured_media":1793,"comment_status":"open","ping_status":"closed","template":"","meta":{"_et_pb_use_builder":"on","_et_pb_old_content":"","_et_gb_content_width":"","footnotes":""},"project_category":[],"project_tag":[],"class_list":["post-1443","project","type-project","status-publish","has-post-thumbnail","hentry"],"_links":{"self":[{"href":"https:\/\/web.iem-emergencia.com\/ca\/wp-json\/wp\/v2\/project\/1443","targetHints":{"allow":["GET"]}}],"collection":[{"href":"https:\/\/web.iem-emergencia.com\/ca\/wp-json\/wp\/v2\/project"}],"about":[{"href":"https:\/\/web.iem-emergencia.com\/ca\/wp-json\/wp\/v2\/types\/project"}],"author":[{"embeddable":true,"href":"https:\/\/web.iem-emergencia.com\/ca\/wp-json\/wp\/v2\/users\/1"}],"replies":[{"embeddable":true,"href":"https:\/\/web.iem-emergencia.com\/ca\/wp-json\/wp\/v2\/comments?post=1443"}],"version-history":[{"count":0,"href":"https:\/\/web.iem-emergencia.com\/ca\/wp-json\/wp\/v2\/project\/1443\/revisions"}],"wp:featuredmedia":[{"embeddable":true,"href":"https:\/\/web.iem-emergencia.com\/ca\/wp-json\/"}],"wp:attachment":[{"href":"https:\/\/web.iem-emergencia.com\/ca\/wp-json\/wp\/v2\/media?parent=1443"}],"wp:term":[{"taxonomy":"project_category","embeddable":true,"href":"https:\/\/web.iem-emergencia.com\/ca\/wp-json\/wp\/v2\/project_category?post=1443"},{"taxonomy":"project_tag","embeddable":true,"href":"https:\/\/web.iem-emergencia.com\/ca\/wp-json\/wp\/v2\/project_tag?post=1443"}],"curies":[{"name":"wp","href":"https:\/\/api.w.org\/{rel}","templated":true}]}}